{"id":1553,"date":"2024-01-24T11:50:06","date_gmt":"2024-01-24T15:50:06","guid":{"rendered":"https:\/\/fase1.org\/?page_id=1553"},"modified":"2026-04-23T15:10:16","modified_gmt":"2026-04-23T19:10:16","slug":"terminos-y-condiciones","status":"publish","type":"page","link":"https:\/\/fase1.org\/en\/terminos-y-condiciones\/","title":{"rendered":"T\u00e9rminos y Condiciones"},"content":{"rendered":"<div class=\"wpb-content-wrapper\"><p>[vc_section full_width=&#8221;stretch_row&#8221; el_class=&#8221;bg-faq-01&#8243;][vc_row full_width=&#8221;stretch_row&#8221;][vc_column][vc_column_text]<\/p>\n<h1 style=\"text-align: center;\">T\u00e9rminos y Condiciones<\/h1>\n<p>[\/vc_column_text][vc_column_text el_class=&#8221;wrap-arrow&#8221; css=&#8221;.vc_custom_1706111497369{margin-bottom: 0px !important;}&#8221;]<\/p>\n<p style=\"text-align: center;\">T\u00e9rminos y Condiciones y Pol\u00edtica de Privacidad<\/p>\n<p>[\/vc_column_text][vc_single_image image=&#8221;193&#8243; img_size=&#8221;full&#8221; alignment=&#8221;center&#8221; css=&#8221;.vc_custom_1636556206531{margin-top: -4px !important;}&#8221;][vc_single_image image=&#8221;199&#8243; img_size=&#8221;full&#8221; alignment=&#8221;center&#8221; el_class=&#8221;bg-grid-yellow-01&#8243;][\/vc_column][\/vc_row][\/vc_section][vc_section full_width=&#8221;stretch_row&#8221; css=&#8221;.vc_custom_1636552034398{background-color: #00123a !important;}&#8221; el_class=&#8221;white faq-selector&#8221;][vc_row full_width=&#8221;stretch_row&#8221;][vc_column css=&#8221;.vc_custom_1636551870093{border-top-width: 2px !important;border-right-width: 2px !important;border-bottom-width: 2px !important;border-left-width: 2px !important;border-left-color: #e6e6e6 !important;border-left-style: dashed !important;border-right-color: #e6e6e6 !important;border-right-style: dashed !important;border-top-color: #e6e6e6 !important;border-top-style: dashed !important;border-bottom-color: #e6e6e6 !important;border-bottom-style: dashed !important;border-radius: 25px !important;}&#8221;][vc_row_inner disable_element=&#8221;yes&#8221;][vc_column_inner][vc_column_text]Gracias por visitar nuestro sitio web. Esta pol\u00edtica de privacidad le informa c\u00f3mo utilizamos la informaci\u00f3n personal recopilada en este sitio web. Lea esta pol\u00edtica de privacidad antes de utilizar el sitio web o enviar cualquier informaci\u00f3n personal. Al utilizar el sitio web, usted acepta las pr\u00e1cticas descritas en esta pol\u00edtica de privacidad y los t\u00e9rminos descritos en nuestros T\u00e9rminos de uso. Estas pr\u00e1cticas pueden cambiarse, pero cualquier cambio se publicar\u00e1 y los cambios solo se aplicar\u00e1n a las actividades y la informaci\u00f3n en el futuro, no de forma retroactiva. Le recomendamos que revise la pol\u00edtica de privacidad cada vez que visite el sitio web para asegurarse de que comprende c\u00f3mo se utilizar\u00e1 la informaci\u00f3n personal que proporcione.<\/p>\n<p><em>Nota: las pr\u00e1cticas de privacidad establecidas en esta pol\u00edtica de privacidad son solo para este sitio web. Si sigue un enlace en este sitio a otro sitio web, revise las pol\u00edticas de privacidad publicadas en esos sitios.<\/em>[\/vc_column_text][\/vc_column_inner][\/vc_row_inner][vc_row_inner][vc_column_inner][vc_column_text css=&#8221;.vc_custom_1705596851152{margin-bottom: 8px !important;}&#8221;]<\/p>\n<h3>1. Trasfondo<\/h3>\n<p>[\/vc_column_text][vc_column_text]<a href=\"https:\/\/fase1.org\/\"><b><span data-contrast=\"none\">Fase1<\/span><\/b><\/a><span data-contrast=\"auto\">\u202fes un programa de incubaci\u00f3n de empresas para residentes de Puerto Rico que quieren transformar grandes ideas en startups exitosas. Nuestra incubadora se enfoca en proveer acceso a\u00a0contenido\u00a0educativo en\u00a0emprendimiento y en impulsar nuevas ideas por medio de nuestro ciclo empresarial que incluye capacitaciones especializadas, mentor\u00edas y acceso a nuestra comunidad de startups en un ambiente din\u00e1mico y de alto impacto.<\/span><span data-ccp-props=\"{}\">\u00a0<\/span><\/p>\n<p><span data-contrast=\"auto\">Fase1 es un programa del\u202f<\/span><a href=\"https:\/\/prsciencetrust.org\/\"><span data-contrast=\"none\">Fideicomiso para Ciencia, Tecnolog\u00eda e Investigaci\u00f3n de Puerto Rico\u202f<\/span><\/a><span data-contrast=\"auto\">(el \u201c<\/span><b><span data-contrast=\"auto\">Fideicomiso<\/span><\/b><span data-contrast=\"auto\">\u201d) que a su vez forma parte del Programa de Incubadoras y Aceleradoras de Peque\u00f1as Empresas (SBIA, por sus siglas en ingl\u00e9s), financiado con fondos federales del Programa de Subvenci\u00f3n en Bloque para el Desarrollo Comunitario para la Recuperaci\u00f3n ante Desastres de Puerto Rico (CDBG-DR, por sus siglas en ingl\u00e9s), asignados para la recuperaci\u00f3n a largo plazo de Puerto Rico a ra\u00edz de los huracanes del 2017, administrados por el Departamento de la Vivienda (Vivienda).<\/span><span data-ccp-props=\"{}\">\u00a0<\/span><\/p>\n<p><span data-contrast=\"auto\">El Fideicomiso es una organizaci\u00f3n sin fines de lucros\u00a0creada en el 2004 para fomentar la participaci\u00f3n, la creaci\u00f3n de empleos, la inversi\u00f3n y la financiaci\u00f3n de la investigaci\u00f3n, el desarrollo y la tecnolog\u00eda. Tiene la misi\u00f3n de invertir, facilitar y desarrollar las capacidades para impulsar continuamente la econom\u00eda de Puerto Rico y el bienestar de los ciudadanos a trav\u00e9s de empresas orientadas a la innovaci\u00f3n, la ciencia, la tecnolog\u00eda y la salud p\u00fablica. Asimismo, tiene la visi\u00f3n de que Puerto Rico sea un centro de innovaci\u00f3n reconocido globalmente.\u00a0La organizaci\u00f3n gestiona y acoge m\u00e1s de una docena de iniciativas que van desde subvenciones y apoyo t\u00e9cnico hasta encuentros y recursos educativos para investigadores, empresarios, agricultores, inversionistas y otros grupos. Fase1 forma parte del pilar de emprendimiento del Fideicomiso, junto a Colmena66 y parallel18, entre otros.<\/span><span data-ccp-props=\"{}\">\u00a0<\/span><\/p>\n<p><span data-contrast=\"auto\">Cada a\u00f1o, mediante convocatoria abierta se escogen 50 nuevas ideas o startups en etapa temprana para participar de la incubadora\u202f<\/span><b><span data-contrast=\"auto\">Fase1 Intensive<\/span><\/b><span data-contrast=\"auto\">\u202fla cual consiste en un curr\u00edculo especializado de 12 semanas para ayudar a nuevos emprendedores a validar sus ideas y desarrollar sus servicios o productos m\u00ednimos viables o funcionales (MVP, por sus siglas en ingl\u00e9s) con la meta de impulsarlos a lanzar al mercado en un corto tiempo. A lo largo del curr\u00edculo se ofrecen m\u00faltiples talleres y capacitaciones t\u00e9cnicas en temas de emprendimiento en etapa temprana, mentor\u00edas individualizadas, servicios profesionales, adem\u00e1s de hacer disponible un espacio\u202f<\/span><i><span data-contrast=\"auto\">coworking<\/span><\/i><span data-contrast=\"auto\">, entre otros beneficios disponibles.<\/span><span data-ccp-props=\"{}\">\u00a0<\/span><\/p>\n<p><span data-contrast=\"auto\">En Fase1\u00a0tambi\u00e9n contamos con una academia virtual de emprendimiento\u00a0llamada,\u00a0<\/span><b><span data-contrast=\"auto\">Fase1 Lab<\/span><\/b><span data-contrast=\"auto\">, la cual cuenta con diferentes m\u00f3dulos educativos cortos en l\u00ednea, disponibles a trav\u00e9s de nuestra plataforma\u00a024\/7\u00a0y\u00a0libre de costo. Nuestra academia virtual sirve de antesala y preparaci\u00f3n para las personas interesadas en participar en nuestra incubadora\u00a0<\/span><b><span data-contrast=\"auto\">Fase1 Intensive<\/span><\/b><span data-contrast=\"auto\">, la cual abre convocatoria una vez al a\u00f1o.\u00a0Toda persona en nuestra comunidad est\u00e1 bienvenida a solicitar a Fase1 Intensive durante el periodo de convocatoria.<\/span><span data-ccp-props=\"{}\">\u00a0<\/span>[\/vc_column_text][\/vc_column_inner][\/vc_row_inner][vc_row_inner][vc_column_inner][vc_column_text css=&#8221;.vc_custom_1705597305598{margin-bottom: 8px !important;}&#8221;]<\/p>\n<h3>2. Objetivo Principal<\/h3>\n<p>[\/vc_column_text][vc_column_text el_class=&#8221;square-lists-01&#8243;]<strong>Fase1<\/strong> existe para convertir un gran n\u00famero de ideas en negocios innovadores y crear una base de compa\u00f1\u00edas exitosas en Puerto Rico. El objetivo de Fase1 es que los participantes desarrollen su producto m\u00ednimo viable, est\u00e9n capacitados y listos para lanzar su producto al mercado y puedan formar parte de programas de pre-aceleraci\u00f3n y aceleraci\u00f3n, como pre18 y parallel18, donde puedan recibir capital inicial para el desarrollo de su <em>startup<\/em>. Adem\u00e1s, Fase1 tiene como prioridad beneficiar a personas de ingreso bajo o moderado, seg\u00fan establecen las gu\u00edas para la utilizaci\u00f3n de fondos CDBG-DR del Departamento de Vivienda Federal (HUD, por sus siglas en ingl\u00e9s), en cumplimiento con los objetivos establecidos por el gobierno federal para estos fondos (Objetivos Nacionales). Este requerimiento dispone que se debe utilizar al menos un 51% de los fondos CBDG-DR en beneficio de esta poblaci\u00f3n.<\/p>\n<p>Como es requerido por HUD, los fondos CDBG-DR asignados al programa SBIA atienden la necesidad urgente de respaldar y reconstruir la econom\u00eda y las empresas en la Isla. El objetivo de este programa es ayudar a peque\u00f1os negocios que hayan sido afectados por los huracanes del 2017, apoyar el desarrollo de ideas que nacieron de una necesidad generada o que se concretizaron luego de los huracanes. El programa SBIA apoyar\u00e1 al desarrollo de nuevas empresas en la Isla, crear\u00e1 empleos y har\u00e1 crecer la econom\u00eda.[\/vc_column_text][vc_column_text el_class=&#8221;square-lists-01&#8243;]<strong>Fase1<\/strong>\u00a0existe para convertir un gran n\u00famero de ideas en negocios innovadores y crear una base de compa\u00f1\u00edas exitosas en Puerto Rico. El objetivo de Fase1 es que los participantes desarrollen su producto m\u00ednimo viable, est\u00e9n capacitados y listos para lanzar su producto al mercado y puedan formar parte de programas de pre-aceleraci\u00f3n y aceleraci\u00f3n, como pre18 y parallel18, donde puedan recibir capital inicial para el desarrollo de su\u00a0<em>startup<\/em>. Adem\u00e1s, Fase1 tiene como prioridad beneficiar a personas de ingreso bajo o moderado, seg\u00fan establecen las gu\u00edas para la utilizaci\u00f3n de fondos CDBG-DR del Departamento de Vivienda Federal (HUD, por sus siglas en ingl\u00e9s), en cumplimiento con los objetivos establecidos por el gobierno federal para estos fondos (Objetivos Nacionales). Este requerimiento dispone que se debe utilizar al menos un 51% de los fondos CBDG-DR en beneficio de esta poblaci\u00f3n.<\/p>\n<p>Como es requerido por HUD, los fondos CDBG-DR asignados al programa SBIA atienden la necesidad urgente de respaldar y reconstruir la econom\u00eda y las empresas en la Isla. El objetivo de este programa es ayudar a peque\u00f1os negocios que hayan sido afectados por los huracanes del 2017, apoyar el desarrollo de ideas que nacieron de una necesidad generada o que se concretizaron luego de los huracanes. El programa SBIA apoyar\u00e1 al desarrollo de nuevas empresas en la Isla, crear\u00e1 empleos y har\u00e1 crecer la econom\u00eda.<\/p>\n<p>Objetivos espec\u00edficos<\/p>\n<ol>\n<li><span class=\"TextRun SCXW228224061 BCX0\" lang=\"ES-ES\" xml:lang=\"ES-ES\" data-contrast=\"auto\"><span class=\"NormalTextRun SCXW228224061 BCX0\">Desempe\u00f1ar un papel activo y tener un impacto positivo en la recuperaci\u00f3n a largo plazo y el crecimiento de la econom\u00eda de Puerto Rico.<\/span><\/span><span class=\"EOP Selected SCXW228224061 BCX0\" data-ccp-props=\"{}\">\u00a0<\/span><\/li>\n<li><span class=\"TextRun SCXW133375390 BCX0\" lang=\"ES-ES\" xml:lang=\"ES-ES\" data-contrast=\"auto\"><span class=\"NormalTextRun SCXW133375390 BCX0\">Guiar a los participantes desde la etapa de generaci\u00f3n de ideas hasta la concretizaci\u00f3n de su producto m\u00ednimo viable, todo con una mentalidad global y revolucionaria.<\/span><\/span><span class=\"EOP Selected SCXW133375390 BCX0\" data-ccp-props=\"{}\">\u00a0<\/span><\/li>\n<li><span class=\"TextRun SCXW149179213 BCX0\" lang=\"ES-ES\" xml:lang=\"ES-ES\" data-contrast=\"auto\"><span class=\"NormalTextRun SCXW149179213 BCX0\">Hacer de una idea una realidad y concretizar su idea en algo tangible.<\/span><\/span><span class=\"EOP Selected SCXW149179213 BCX0\" data-ccp-props=\"{}\">\u00a0<\/span><\/li>\n<li><span class=\"TextRun SCXW174531558 BCX0\" lang=\"ES-ES\" xml:lang=\"ES-ES\" data-contrast=\"auto\"><span class=\"NormalTextRun SCXW174531558 BCX0\">Garantizar la participaci\u00f3n del sector p\u00fablico y privado.<\/span><\/span><span class=\"EOP Selected SCXW174531558 BCX0\" data-ccp-props=\"{}\">\u00a0<\/span><\/li>\n<li><span class=\"TextRun SCXW39193873 BCX0\" lang=\"ES-ES\" xml:lang=\"ES-ES\" data-contrast=\"auto\"><span class=\"NormalTextRun CommentStart SCXW39193873 BCX0\">Motivar e impulsar a los participantes para que puedan formar parte de parallel18<\/span><span class=\"NormalTextRun SCXW39193873 BCX0\">\u00a0y sus subprogramas<\/span><span class=\"NormalTextRun SCXW39193873 BCX0\">\u00a0y otros programas de<\/span><span class=\"NormalTextRun SCXW39193873 BCX0\">\u00a0incubaci<\/span><span class=\"NormalTextRun SCXW39193873 BCX0\">\u00f3n y\/o<\/span><span class=\"NormalTextRun SCXW39193873 BCX0\">\u00a0aceleraci\u00f3n en Puerto Rico.<\/span><\/span><span class=\"EOP Selected SCXW39193873 BCX0\" data-ccp-props=\"{}\">\u00a0<\/span><\/li>\n<li><span class=\"TextRun SCXW106406325 BCX0\" lang=\"ES-ES\" xml:lang=\"ES-ES\" data-contrast=\"auto\"><span class=\"NormalTextRun SCXW106406325 BCX0\">Desarrollar un ambiente creativo e innovador dentro de la comunidad que vaya m\u00e1s all\u00e1 de la tecnolog\u00eda.<\/span><\/span><span class=\"EOP Selected SCXW106406325 BCX0\" data-ccp-props=\"{}\">\u00a0<\/span><\/li>\n<\/ol>\n<p>[\/vc_column_text][\/vc_column_inner][\/vc_row_inner][vc_row_inner][vc_column_inner][vc_column_text css=&#8221;.vc_custom_1705597701800{margin-bottom: 8px !important;}&#8221;]<\/p>\n<h3>3. Resultados esperados<\/h3>\n<p>[\/vc_column_text][vc_column_text]<\/p>\n<ol>\n<li><span data-contrast=\"auto\">Convertir ideas en productos m\u00ednimos viables o prototipos, listos para lanzarse al mercado, al facilitar un mayor grado de conocimientos y una mejor capacidad empresarial.<\/span><span data-ccp-props=\"{}\">\u00a0<\/span><\/li>\n<li><span data-contrast=\"auto\">Impulsar la creaci\u00f3n de startups exitosas con el alcance de generar empleos e impulsar el desarrollo de la base econ\u00f3mica local.<\/span><span data-ccp-props=\"{}\">\u00a0<\/span><\/li>\n<li><span data-contrast=\"auto\">Proveer las herramientas para que nuestros participantes trabajen la validaci\u00f3n de sus ideas con potencial de convertirse en empresas emergentes exitosas.<\/span><span data-ccp-props=\"{}\">\u00a0<\/span><\/li>\n<li><span class=\"TextRun SCXW8081568 BCX0\" lang=\"ES-ES\" xml:lang=\"ES-ES\" data-contrast=\"auto\"><span class=\"NormalTextRun SCXW8081568 BCX0\">Minimizar el riesgo de fracaso de un nuevo negocio al proveer acceso a educaci\u00f3n, capacitaci\u00f3n y recursos empresariales de forma gratuita y accesible.<\/span><\/span><span class=\"EOP Selected SCXW8081568 BCX0\" data-ccp-props=\"{}\">\u00a0<\/span><\/li>\n<\/ol>\n<p>[\/vc_column_text][\/vc_column_inner][\/vc_row_inner][vc_row_inner][vc_column_inner][vc_column_text css=&#8221;.vc_custom_1705597842266{margin-bottom: 8px !important;}&#8221;]<\/p>\n<h3>4. Participantes de Fase1 Intensive<\/h3>\n<p>[\/vc_column_text][\/vc_column_inner][\/vc_row_inner][vc_column_text]<\/p>\n<ol>\n<li>Los participantes deber\u00e1n tener disponibilidad para participar de la incubadora por las doce (12) semanas (primordialmente s\u00e1bados) de duraci\u00f3n de Fase1 Intensive.<\/li>\n<li>Los participantes podr\u00e1n escoger entre participar de Fase1 Intensive de forma h\u00edbrida (presencial y virtual). Algunas sesiones ser\u00e1n en formato presencial exclusivamente y la participaci\u00f3n ser\u00e1 requerida<sup>1<\/sup>.<\/li>\n<li>Cuando haya m\u00e1s de un due\u00f1o o fundador, se deber\u00e1 identificar a un l\u00edder del startup o idea quien deber\u00e1 participar de todas las sesiones durante las doce (12) semanas de duraci\u00f3n de la incubadora Intensive.<\/li>\n<li>Se podr\u00e1 permitir la participaci\u00f3n de hasta dos (2) personas por startup o idea seleccionada. El equipo de Fase1 podr\u00e1 autorizar la participaci\u00f3n de personas adicionales a su discreci\u00f3n, en circunstancias en donde se demuestre razonable necesidad.<\/li>\n<li>El\/Los participantes deber\u00e1n ser mayores de dieciocho (18) a\u00f1os. Si el solicitante fundador es menor de dieciocho (18) a\u00f1os, deber\u00e1 estar debidamente autorizado por escrito por sus padres y comparecer con el mismo a solicitud de Fase1 seg\u00fan las circunstancias lo requieran.<\/li>\n<li>Los participantes deben ser residentes de Puerto Rico. De tener un negocio establecido, \u00e9ste debe estar localizado y registrado en Puerto Rico.<\/li>\n<li>Los participantes deben ser ciudadanos de EE.U.U. o agentes residentes.<\/li>\n<li>Los participantes deber\u00e1n responder a toda solicitud de informaci\u00f3n y documentaci\u00f3n requerida por Fase1.<\/li>\n<\/ol>\n<p>[\/vc_column_text][vc_row_inner][vc_column_inner][vc_column_text css=&#8221;.vc_custom_1705598009768{margin-bottom: 8px !important;}&#8221;]<\/p>\n<h3>5. Actividades de Programa Fase1 Intensive<\/h3>\n<p>[\/vc_column_text][vc_column_text]Fase1 Intensive se llevar\u00e1 a cabo durante doce (12) semanas consecutivas donde se estar\u00e1n incluyendo talleres con recursos y mentores locales e internacionales que discutir\u00e1n temas empresariales de mayor relevancia para los objetivos de la incubadora. Algunos temas incluyen: Definici\u00f3n de Cliente\/Consumidor, Validaci\u00f3n de Ideas, Definici\u00f3n de Mercado, Desarrollo de Producto, entre otros. Se les brindar\u00e1 a todos los participantes distintas herramientas, talleres y actividades que los ayudar\u00e1n en el desarrollo de su producto m\u00ednimo viable (MVP) o prototipos funcionales. Semanalmente se brindar\u00e1n distintos temas y se trabajar\u00e1 en el desarrollo del MVP.<\/p>\n<p>Refi\u00e9rase a <a href=\"https:\/\/fase1.org\/\">www.fase1.org<\/a> para m\u00e1s detalles sobre los beneficios del Programa.[\/vc_column_text][vc_column_text]<b><span data-contrast=\"auto\">Fase1 Intensive<\/span><\/b><span data-contrast=\"auto\">\u00a0se llevar\u00e1 a cabo durante doce (12) semanas consecutivas, mayormente en formato h\u00edbrido, donde se incluir\u00e1n talleres con recursos y mentores locales e internacionales que discutir\u00e1n temas empresariales de mayor relevancia para los objetivos de la incubadora. Algunos temas incluyen:<\/span><span data-contrast=\"auto\">\u00a0<\/span><span data-contrast=\"auto\">Definici\u00f3n de Cliente\/Consumidor, Validaci\u00f3n de Ideas, Definici\u00f3n de Mercado, Desarrollo de Producto, entre otros<\/span><span data-contrast=\"auto\">. Se les brindar\u00e1 a todos los participantes distintas herramientas, talleres y actividades que los ayudar\u00e1n en el desarrollo de su producto m\u00ednimo viable (MVP) o prototipos funcionales. Semanalmente se presentar\u00e1n distintos temas y\u00a0el\u00a0participante\u00a0trabajar\u00e1 en el desarrollo del MVP.<\/span><span data-ccp-props=\"{}\">\u00a0<\/span><\/p>\n<p><span data-contrast=\"auto\">Refi\u00e9rase a\u202f<\/span><a href=\"https:\/\/fase1.org\/\"><span data-contrast=\"none\">Fase1<\/span><\/a><span data-contrast=\"auto\">\u202fpara m\u00e1s detalles sobre los beneficios del Programa.<\/span><span data-ccp-props=\"{}\">\u00a0<\/span><\/p>\n<p>Actividades requeridas:<\/p>\n<p><span class=\"TextRun SCXW268407121 BCX0\" lang=\"ES-ES\" xml:lang=\"ES-ES\" data-contrast=\"auto\"><span class=\"NormalTextRun SCXW268407121 BCX0\">Los<\/span><span class=\"NormalTextRun CommentStart SCXW268407121 BCX0\">\u00a0participantes\u00a0<\/span><\/span><span class=\"TextRun MacChromeBold SCXW268407121 BCX0\" lang=\"ES-ES\" xml:lang=\"ES-ES\" data-contrast=\"auto\"><span class=\"NormalTextRun SCXW268407121 BCX0\">deber\u00e1<\/span><span class=\"NormalTextRun SCXW268407121 BCX0\">n asistir a las siguientes actividades requeridas<\/span><\/span><span class=\"TextRun SCXW268407121 BCX0\" lang=\"ES-ES\" xml:lang=\"ES-ES\" data-contrast=\"auto\"><span class=\"NormalTextRun SCXW268407121 BCX0\">:<\/span><\/span><span class=\"EOP Selected SCXW268407121 BCX0\" data-ccp-props=\"{}\">\u00a0<\/span><\/p>\n<ol>\n<li><span class=\"TextRun MacChromeBold SCXW120528879 BCX0\" lang=\"ES-ES\" xml:lang=\"ES-ES\" data-contrast=\"auto\"><span class=\"NormalTextRun SCXW120528879 BCX0\"><strong>Modalidad: Virtual<\/strong><\/span><span class=\"NormalTextRun SCXW120528879 BCX0\">\u00a0&#8211;\u00a0<\/span><\/span><span class=\"TextRun SCXW120528879 BCX0\" lang=\"ES-ES\" xml:lang=\"ES-ES\" data-contrast=\"auto\"><span class=\"NormalTextRun SCXW120528879 BCX0\">S<\/span><span class=\"NormalTextRun SCXW120528879 BCX0\">esi\u00f3n de orientaci\u00f3n virtual\u00a0<\/span><\/span><span class=\"TextRun Underlined SCXW120528879 BCX0\" lang=\"ES-ES\" xml:lang=\"ES-ES\" data-contrast=\"auto\"><span class=\"NormalTextRun SCXW120528879 BCX0\">ANTES\u00a0<\/span><\/span><span class=\"TextRun SCXW120528879 BCX0\" lang=\"ES-ES\" xml:lang=\"ES-ES\" data-contrast=\"auto\"><span class=\"NormalTextRun SCXW120528879 BCX0\">del\u00a0<\/span><span class=\"NormalTextRun SCXW120528879 BCX0\">evento de Bienvenida de Fase1 Intensive (<\/span><\/span><span class=\"TextRun SCXW120528879 BCX0\" lang=\"ES-ES\" xml:lang=\"ES-ES\" data-contrast=\"auto\"><span class=\"NormalTextRun SCXW120528879 BCX0\">Kickoff<\/span><\/span><span class=\"TextRun SCXW120528879 BCX0\" lang=\"ES-ES\" xml:lang=\"ES-ES\" data-contrast=\"auto\"><span class=\"NormalTextRun SCXW120528879 BCX0\">)<\/span><span class=\"NormalTextRun SCXW120528879 BCX0\">:\u00a0<\/span><span class=\"NormalTextRun SCXW120528879 BCX0\">La participaci\u00f3n en\u00a0<\/span><span class=\"NormalTextRun SCXW120528879 BCX0\">la\u00a0<\/span><span class=\"NormalTextRun SCXW120528879 BCX0\">sesi\u00f3n de orientaci\u00f3n de Fase1 Intensive ser\u00e1 requerida para el l\u00edder y miembro adicional del equipo que participar\u00e1n en el Programa.<\/span><\/span><span class=\"EOP Selected SCXW120528879 BCX0\" data-ccp-props=\"{}\">\u00a0<\/span><\/li>\n<li><span class=\"TextRun MacChromeBold SCXW220941437 BCX0\" lang=\"ES-ES\" xml:lang=\"ES-ES\" data-contrast=\"auto\"><strong><span class=\"NormalTextRun SCXW220941437 BCX0\">Modalidad: Presencial<\/span><\/strong><span class=\"NormalTextRun SCXW220941437 BCX0\">\u00a0&#8211;\u00a0<\/span><\/span><span class=\"TextRun SCXW220941437 BCX0\" lang=\"ES-ES\" xml:lang=\"ES-ES\" data-contrast=\"auto\"><span class=\"NormalTextRun SCXW220941437 BCX0\">Primera sesi\u00f3n o evento de bienvenida de Fase1 Intensive (<\/span><\/span><span class=\"TextRun SCXW220941437 BCX0\" lang=\"ES-ES\" xml:lang=\"ES-ES\" data-contrast=\"auto\"><span class=\"NormalTextRun SCXW220941437 BCX0\">Kickoff<\/span><\/span><span class=\"TextRun SCXW220941437 BCX0\" lang=\"ES-ES\" xml:lang=\"ES-ES\" data-contrast=\"auto\"><span class=\"NormalTextRun SCXW220941437 BCX0\">): La participaci\u00f3n en la actividad de Bienvenida de Fase1 Intensive ser\u00e1 requerida para el l\u00edder y miembro adicional del equipo que participar\u00e1n en el Programa.<\/span><\/span><span class=\"EOP Selected SCXW220941437 BCX0\" data-ccp-props=\"{}\">\u00a0<\/span><\/li>\n<li><span class=\"TextRun MacChromeBold SCXW226793042 BCX0\" lang=\"ES-ES\" xml:lang=\"ES-ES\" data-contrast=\"auto\"><strong><span class=\"NormalTextRun SCXW226793042 BCX0\">Modalidad: Presencial<\/span><\/strong><span class=\"NormalTextRun SCXW226793042 BCX0\">\u00a0<\/span><span class=\"NormalTextRun SCXW226793042 BCX0\">&#8211;\u00a0<\/span><\/span><span class=\"TextRun SCXW226793042 BCX0\" lang=\"ES-ES\" xml:lang=\"ES-ES\" data-contrast=\"auto\"><span class=\"NormalTextRun SCXW226793042 BCX0\">Sesi\u00f3n de ensayo para el Demo Day<\/span><\/span><span class=\"TextRun SCXW226793042 BCX0\" lang=\"ES-ES\" xml:lang=\"ES-ES\" data-contrast=\"auto\"><span class=\"NormalTextRun Superscript SCXW226793042 BCX0\" data-fontsize=\"12\">2<\/span><\/span><span class=\"TextRun SCXW226793042 BCX0\" lang=\"ES-ES\" xml:lang=\"ES-ES\" data-contrast=\"auto\"><span class=\"NormalTextRun SCXW226793042 BCX0\">. Esta sesi\u00f3n se llevar\u00e1 a cabo previo al evento de Demo Day en las facilidades de Fase1 Intensive o donde el equipo de Fase1 as\u00ed lo indique. Como m\u00ednimo, el participante que presentar\u00e1 el\u202f<\/span><\/span><span class=\"TextRun SCXW226793042 BCX0\" lang=\"ES-ES\" xml:lang=\"ES-ES\" data-contrast=\"auto\"><span class=\"NormalTextRun SCXW226793042 BCX0\">startup<\/span><\/span><span class=\"TextRun SCXW226793042 BCX0\" lang=\"ES-ES\" xml:lang=\"ES-ES\" data-contrast=\"auto\"><span class=\"NormalTextRun SCXW226793042 BCX0\">\u202fen el Demo Day deber\u00e1 participar en formato presencial.<\/span><\/span><span class=\"EOP Selected SCXW226793042 BCX0\" data-ccp-props=\"{}\">\u00a0<\/span><\/li>\n<li><span class=\"TextRun MacChromeBold SCXW195960406 BCX0\" lang=\"ES-ES\" xml:lang=\"ES-ES\" data-contrast=\"auto\"><strong><span class=\"NormalTextRun SCXW195960406 BCX0\">Modalidad: Presencial<\/span><\/strong><span class=\"NormalTextRun SCXW195960406 BCX0\">\u00a0&#8211;\u00a0<\/span><\/span><span class=\"TextRun SCXW195960406 BCX0\" lang=\"ES-ES\" xml:lang=\"ES-ES\" data-contrast=\"auto\"><span class=\"NormalTextRun SCXW195960406 BCX0\">Demo Day de Fase1 Intensive (<\/span><\/span><span class=\"TextRun SCXW195960406 BCX0\" lang=\"ES-ES\" xml:lang=\"ES-ES\" data-contrast=\"auto\"><span class=\"NormalTextRun SCXW195960406 BCX0\">Cierre<\/span><\/span><span class=\"TextRun SCXW195960406 BCX0\" lang=\"ES-ES\" xml:lang=\"ES-ES\" data-contrast=\"auto\"><span class=\"NormalTextRun SCXW195960406 BCX0\">): La participaci\u00f3n en el Demo Day de Fase1 Intensive ser\u00e1 requerida para el due\u00f1o o l\u00edder<\/span><span class=\"NormalTextRun SCXW195960406 BCX0\">\u00a0<\/span><span class=\"NormalTextRun SCXW195960406 BCX0\">que presentar\u00e1 el\u00a0<\/span><\/span><span class=\"TextRun SCXW195960406 BCX0\" lang=\"ES-ES\" xml:lang=\"ES-ES\" data-contrast=\"auto\"><span class=\"NormalTextRun SCXW195960406 BCX0\">startup\u00a0<\/span><\/span><span class=\"TextRun SCXW195960406 BCX0\" lang=\"ES-ES\" xml:lang=\"ES-ES\" data-contrast=\"auto\"><span class=\"NormalTextRun SCXW195960406 BCX0\">en<\/span><\/span><span class=\"TextRun SCXW195960406 BCX0\" lang=\"ES-ES\" xml:lang=\"ES-ES\" data-contrast=\"auto\"><span class=\"NormalTextRun SCXW195960406 BCX0\">\u00a0<\/span><\/span><span class=\"TextRun SCXW195960406 BCX0\" lang=\"ES-ES\" xml:lang=\"ES-ES\" data-contrast=\"auto\"><span class=\"NormalTextRun SCXW195960406 BCX0\">forma<\/span><span class=\"NormalTextRun SCXW195960406 BCX0\">\u00a0<\/span><span class=\"NormalTextRun SCXW195960406 BCX0\">de<\/span><\/span><span class=\"TextRun SCXW195960406 BCX0\" lang=\"ES-ES\" xml:lang=\"ES-ES\" data-contrast=\"auto\"><span class=\"NormalTextRun SCXW195960406 BCX0\">\u00a0pitch<\/span><span class=\"NormalTextRun SCXW195960406 BCX0\">\u00a0<\/span><\/span><span class=\"TextRun SCXW195960406 BCX0\" lang=\"ES-ES\" xml:lang=\"ES-ES\" data-contrast=\"auto\"><span class=\"NormalTextRun SCXW195960406 BCX0\">(presentaci\u00f3n corta de su\u00a0<\/span><\/span><span class=\"TextRun SCXW195960406 BCX0\" lang=\"ES-ES\" xml:lang=\"ES-ES\" data-contrast=\"auto\"><span class=\"NormalTextRun SCXW195960406 BCX0\">startup<\/span><\/span><span class=\"TextRun SCXW195960406 BCX0\" lang=\"ES-ES\" xml:lang=\"ES-ES\" data-contrast=\"auto\"><span class=\"NormalTextRun SCXW195960406 BCX0\">)<\/span><span class=\"NormalTextRun SCXW195960406 BCX0\">\u00a0frente a una audiencia<\/span><span class=\"NormalTextRun SCXW195960406 BCX0\">.<\/span><\/span><span class=\"EOP Selected SCXW195960406 BCX0\" data-ccp-props=\"{}\">\u00a0<\/span><\/li>\n<li><span class=\"TextRun SCXW166267645 BCX0\" lang=\"ES\" xml:lang=\"ES\" data-contrast=\"auto\"><span class=\"NormalTextRun SCXW166267645 BCX0\">Al menos el l\u00edder\/fundador del Proyecto debe tener disponibilidad para trabajar en su Proyecto\/Idea durante las doce (12) semanas (principalmente s\u00e1bados) de duraci\u00f3n de Fase1 Intensive, en el horario de 9:00am \u2013 4:00pm. Algunas sesiones se ofrecer\u00e1n durante semana en horario de 6:00pm \u2013 8:00pm en formato virtual exclusivamente.<\/span><\/span><span class=\"TextRun SCXW166267645 BCX0\" lang=\"ES-PR\" xml:lang=\"ES-PR\" data-contrast=\"auto\"><span class=\"NormalTextRun SCXW166267645 BCX0\">\u00a0<\/span><\/span><span class=\"EOP Selected SCXW166267645 BCX0\" data-ccp-props=\"{}\">\u00a0<\/span><\/li>\n<li><span class=\"TextRun SCXW76590056 BCX0\" lang=\"ES\" xml:lang=\"ES\" data-contrast=\"auto\"><span class=\"NormalTextRun SCXW76590056 BCX0\">Cualquier otra sesi\u00f3n que el equipo de Fase1 determine sea requerida durante la duraci\u00f3n de la incubadora.<\/span><\/span><span class=\"TextRun SCXW76590056 BCX0\" lang=\"ES-PR\" xml:lang=\"ES-PR\" data-contrast=\"auto\"><span class=\"NormalTextRun SCXW76590056 BCX0\">\u00a0<\/span><\/span><\/li>\n<li><span data-contrast=\"auto\">Se permitir\u00e1n hasta un m\u00e1ximo de dos (2) ausencias<\/span><span data-contrast=\"auto\">\u202f<\/span><b><span data-contrast=\"auto\">justificadas<\/span><\/b><b><span data-contrast=\"auto\">\u202f<\/span><\/b><span data-contrast=\"auto\">durante la duraci\u00f3n de la incubadora Intensive, estas siendo debidamente informadas mediante previo aviso y por escrito al equipo de<\/span><span data-contrast=\"auto\">\u202f<\/span><b><span data-contrast=\"auto\">Fase1<\/span><\/b><span data-contrast=\"auto\">. El programa podr\u00e1 requerir informaci\u00f3n adicional cuando lo estime necesario.<\/span><span data-contrast=\"auto\">\u00a0<\/span><\/li>\n<\/ol>\n<ul>\n<li style=\"list-style-type: none;\">\n<ul>\n<li aria-setsize=\"-1\" data-leveltext=\"%2.\" data-font=\"\" data-listid=\"15\" data-list-defn-props=\"{&quot;335552541&quot;:0,&quot;335559685&quot;:1440,&quot;335559991&quot;:360,&quot;469769242&quot;:[65533,4],&quot;469777803&quot;:&quot;left&quot;,&quot;469777804&quot;:&quot;%2.&quot;,&quot;469777815&quot;:&quot;hybridMultilevel&quot;}\" data-aria-posinset=\"1\" data-aria-level=\"2\"><span data-contrast=\"auto\">Las\u00a0(2)\u00a0ausencias\u00a0justificadas no incluyen las siguientes (4) actividades requeridas:<\/span><span data-ccp-props=\"{}\">\u00a0<\/span><\/li>\n<\/ul>\n<\/li>\n<\/ul>\n<ul>\n<li style=\"list-style-type: none;\">\n<ul>\n<li style=\"list-style-type: none;\">\n<ul>\n<li aria-setsize=\"-1\" data-leveltext=\"%3.\" data-font=\"Aptos\" data-listid=\"3\" data-list-defn-props=\"{&quot;335552541&quot;:0,&quot;335559685&quot;:2160,&quot;335559991&quot;:180,&quot;469769242&quot;:[65533,2],&quot;469777803&quot;:&quot;right&quot;,&quot;469777804&quot;:&quot;%3.&quot;,&quot;469777815&quot;:&quot;hybridMultilevel&quot;}\" data-aria-posinset=\"1\" data-aria-level=\"3\"><span data-contrast=\"auto\">Sesi\u00f3n de orientaci\u00f3n virtual ANTES del evento de Bienvenida de Fase1 Intensive (<\/span><i><span data-contrast=\"auto\">Kickoff<\/span><\/i><span data-contrast=\"auto\">)<\/span><span data-ccp-props=\"{&quot;201341983&quot;:0,&quot;335559739&quot;:0,&quot;335559740&quot;:276}\">\u00a0<\/span><\/li>\n<\/ul>\n<\/li>\n<\/ul>\n<\/li>\n<\/ul>\n<ul>\n<li style=\"list-style-type: none;\">\n<ul>\n<li style=\"list-style-type: none;\">\n<ul>\n<li aria-setsize=\"-1\" data-leveltext=\"%3.\" data-font=\"Aptos\" data-listid=\"3\" data-list-defn-props=\"{&quot;335552541&quot;:0,&quot;335559685&quot;:2160,&quot;335559991&quot;:180,&quot;469769242&quot;:[65533,2],&quot;469777803&quot;:&quot;right&quot;,&quot;469777804&quot;:&quot;%3.&quot;,&quot;469777815&quot;:&quot;hybridMultilevel&quot;}\" data-aria-posinset=\"2\" data-aria-level=\"3\"><span data-contrast=\"auto\">Primera sesi\u00f3n o evento de bienvenida de Fase1 Intensive (<\/span><i><span data-contrast=\"auto\">Kickoff<\/span><\/i><span data-contrast=\"auto\">)<\/span><span data-ccp-props=\"{&quot;201341983&quot;:0,&quot;335559739&quot;:0,&quot;335559740&quot;:276}\">\u00a0<\/span><\/li>\n<\/ul>\n<\/li>\n<\/ul>\n<\/li>\n<\/ul>\n<ul>\n<li style=\"list-style-type: none;\">\n<ul>\n<li style=\"list-style-type: none;\">\n<ul>\n<li aria-setsize=\"-1\" data-leveltext=\"%3.\" data-font=\"Aptos\" data-listid=\"3\" data-list-defn-props=\"{&quot;335552541&quot;:0,&quot;335559685&quot;:2160,&quot;335559991&quot;:180,&quot;469769242&quot;:[65533,2],&quot;469777803&quot;:&quot;right&quot;,&quot;469777804&quot;:&quot;%3.&quot;,&quot;469777815&quot;:&quot;hybridMultilevel&quot;}\" data-aria-posinset=\"3\" data-aria-level=\"3\"><span data-contrast=\"auto\">Sesi\u00f3n de ensayo para el Demo Day<\/span><span data-contrast=\"auto\">2<\/span><span data-ccp-props=\"{&quot;201341983&quot;:0,&quot;335559739&quot;:0,&quot;335559740&quot;:276}\">\u00a0<\/span><\/li>\n<\/ul>\n<\/li>\n<\/ul>\n<\/li>\n<\/ul>\n<ul>\n<li style=\"list-style-type: none;\">\n<ul>\n<li style=\"list-style-type: none;\">\n<ul>\n<li aria-setsize=\"-1\" data-leveltext=\"%3.\" data-font=\"Aptos\" data-listid=\"3\" data-list-defn-props=\"{&quot;335552541&quot;:0,&quot;335559685&quot;:2160,&quot;335559991&quot;:180,&quot;469769242&quot;:[65533,2],&quot;469777803&quot;:&quot;right&quot;,&quot;469777804&quot;:&quot;%3.&quot;,&quot;469777815&quot;:&quot;hybridMultilevel&quot;}\" data-aria-posinset=\"4\" data-aria-level=\"3\"><span data-contrast=\"auto\">Demo Day de Fase1 Intensive (<\/span><i><span data-contrast=\"auto\">Cierre<\/span><\/i><span data-contrast=\"auto\">)<\/span><\/li>\n<\/ul>\n<\/li>\n<\/ul>\n<\/li>\n<\/ul>\n<ul>\n<li aria-setsize=\"-1\" data-leveltext=\"%2.\" data-font=\"Aptos\" data-listid=\"3\" data-list-defn-props=\"{&quot;335552541&quot;:0,&quot;335559685&quot;:1440,&quot;335559991&quot;:360,&quot;469769242&quot;:[65533,4],&quot;469777803&quot;:&quot;left&quot;,&quot;469777804&quot;:&quot;%2.&quot;,&quot;469777815&quot;:&quot;hybridMultilevel&quot;}\" data-aria-posinset=\"2\" data-aria-level=\"2\"><span data-contrast=\"auto\">Si el solicitante no participa en alguna de las actividades o eventos de la incubadora Fase1 Intensive sin informarlo previamente con la justificaci\u00f3n necesaria, el equipo de Fase1 podr\u00e1 evaluar poner fin anticipadamente a su participaci\u00f3n o establecer medidas correctivas.<\/span><span data-ccp-props=\"{&quot;201341983&quot;:0,&quot;335559739&quot;:0,&quot;335559740&quot;:276}\">\u00a0<\/span><\/li>\n<li aria-setsize=\"-1\" data-leveltext=\"%2.\" data-font=\"Aptos\" data-listid=\"3\" data-list-defn-props=\"{&quot;335552541&quot;:0,&quot;335559685&quot;:1440,&quot;335559991&quot;:360,&quot;469769242&quot;:[65533,4],&quot;469777803&quot;:&quot;left&quot;,&quot;469777804&quot;:&quot;%2.&quot;,&quot;469777815&quot;:&quot;hybridMultilevel&quot;}\" data-aria-posinset=\"3\" data-aria-level=\"2\"><span data-contrast=\"auto\">Cualquier excepci\u00f3n o permiso especial ser\u00e1 evaluado y determinado por el Programa a base de las condiciones y circunstancias individuales de cada caso.<\/span><span data-ccp-props=\"{&quot;201341983&quot;:0,&quot;335559739&quot;:0,&quot;335559740&quot;:276}\">\u00a0<\/span><\/li>\n<\/ul>\n<p>[\/vc_column_text][\/vc_column_inner][\/vc_row_inner][vc_row_inner][vc_column_inner][vc_column_text css=&#8221;.vc_custom_1705598687946{margin-bottom: 8px !important;}&#8221;]<\/p>\n<h3>6. Solicitud para el Programa Fase1 Intensive<\/h3>\n<p>[\/vc_column_text][vc_column_text]<b><span data-contrast=\"auto\">Fase1 Intensive<\/span><\/b><span data-contrast=\"auto\">\u202fse\u00a0pondr\u00e1 a disposici\u00f3n\u00a0de los interesados en forma de solicitud en l\u00ednea a trav\u00e9s de\u00a0<\/span><a href=\"https:\/\/fase1.org\/\"><span data-contrast=\"none\">fase1.org<\/span><\/a><span data-contrast=\"auto\">.\u00a0En dicha solicitud se recopilar\u00e1 informaci\u00f3n demogr\u00e1fica en cumplimiento con los requerimientos del programa SBIA, y se solicitar\u00e1 informaci\u00f3n, requisitos y entregables relacionados con su proyecto o idea.<\/span><span data-ccp-props=\"{}\">\u00a0<\/span><\/p>\n<p><span data-contrast=\"auto\">Cada solicitante deber\u00e1 completar y someter toda la informaci\u00f3n y documentaci\u00f3n de apoyo requerida en la solicitud. No proveer la informaci\u00f3n solicitada podr\u00e1 conllevar que la solicitud sea denegada.<\/span><span data-ccp-props=\"{}\">\u00a0<\/span><\/p>\n<p><span data-contrast=\"auto\">Los solicitantes podr\u00e1n acceder y someter su solicitud para participar en la quinta generaci\u00f3n (cohorte) de\u00a0Fase1 Intensive a\u00a0partir del\u00a020\u00a0de\u00a0abril\u00a0(para la lista de espera de Fase1) o del\u00a021\u00a0de\u00a0abril\u00a0(para el p\u00fablico general) hasta el 29\u00a0de mayo\u00a0de 2026. La\u00a0solicitud estar\u00e1 disponible a trav\u00e9s de\u00a0<\/span><a href=\"https:\/\/fase1.org\/\"><span data-contrast=\"none\">fase1.org<\/span><\/a><span data-contrast=\"auto\">.<\/span><span data-ccp-props=\"{}\">\u00a0<\/span><\/p>\n<p><b><span data-contrast=\"auto\">Comunicaci\u00f3n:<\/span><\/b><span data-ccp-props=\"{}\">\u00a0<\/span><\/p>\n<p><span data-contrast=\"auto\">La comunicaci\u00f3n sobre la apertura de la convocatoria para Fase1 Intensive se realizar\u00e1 mediante un aviso publicado en la p\u00e1gina web del Programa\u202f<\/span><b><span data-contrast=\"auto\">Fase1<\/span><\/b><span data-contrast=\"auto\">\u202f(<\/span><a href=\"https:\/\/fase1.org\/\"><span data-contrast=\"none\">Fase1<\/span><\/a><span data-contrast=\"auto\">) y a trav\u00e9s de las plataformas sociales de\u202f<\/span><b><span data-contrast=\"auto\">Fase1<\/span><\/b><span data-contrast=\"auto\">, comunicados de prensa, correos electr\u00f3nicos, comunicados a organizaciones dentro del ecosistema empresarial en Puerto Rico, entre otros.<\/span><span data-ccp-props=\"{}\">\u00a0<\/span><\/p>\n<p><span data-contrast=\"auto\">Los solicitantes que tengan dudas o necesiten asistencia t\u00e9cnica con su solicitud podr\u00e1n contactar al equipo de Fase1 escribiendo a\u202f<\/span><a href=\"https:\/\/fase1.org\/\"><span data-contrast=\"none\">fase1@prsciencetrust.org<\/span><\/a><span data-contrast=\"auto\">. Tambi\u00e9n se llevar\u00e1n a cabo m\u00faltiples eventos de divulgaci\u00f3n para personas interesadas. Todos los eventos se publicar\u00e1n y promocionar\u00e1n a trav\u00e9s de las redes sociales de Fase1.<\/span><span data-ccp-props=\"{}\">\u00a0<\/span><\/p>\n<p><b><span data-contrast=\"auto\">Medios de solicitud:<\/span><\/b><span data-ccp-props=\"{}\">\u00a0<\/span><\/p>\n<p><span data-contrast=\"auto\">Los solicitantes podr\u00e1n inscribirse \u00fanicamente a trav\u00e9s del sistema de inscripci\u00f3n de la plataforma electr\u00f3nica disponible en la p\u00e1gina web del Programa\u202f<\/span><b><span data-contrast=\"auto\">Fase1<\/span><\/b><span data-contrast=\"auto\">\u202f(<\/span><a href=\"https:\/\/fase1.org\/\"><span data-contrast=\"none\">https:\/\/fase1.org\/<\/span><\/a><span data-contrast=\"auto\">)<\/span><span data-ccp-props=\"{}\">\u00a0<\/span><\/p>\n<p><span data-contrast=\"auto\">Los documentos requeridos para completar la solicitud deber\u00e1n ser adjuntados en el formato requerido en la solicitud. Toda solicitud deber\u00e1 ser recibida dentro del periodo establecido de convocatoria. Toda solicitud que se reciba luego de la fecha establecida no ser\u00e1 evaluada ni considerada.<\/span><span data-ccp-props=\"{}\">\u00a0<\/span><\/p>\n<p><b><span data-contrast=\"auto\">L\u00edmite de solicitudes:<\/span><\/b><span data-ccp-props=\"{}\">\u00a0<\/span><\/p>\n<p><span data-contrast=\"auto\">Un solicitante podr\u00e1 presentar m\u00faltiples solicitudes para\u202f<\/span><span data-contrast=\"auto\">distintos<\/span><span data-contrast=\"auto\">\u202fstartups o ideas de negocio por convocatoria. Si un solicitante somete m\u00e1s de una solicitud para diferentes ideas o proyectos, Fase1 s\u00f3lo podr\u00e1 seleccionar una de las solicitudes para participar de la incubadora Intensive. En ese caso, Fase1 seleccionar\u00e1 la solicitud que mejor cumpla con los criterios de evaluaci\u00f3n y selecci\u00f3n del Programa.<\/span><span data-ccp-props=\"{}\">\u00a0<\/span><\/p>\n<p><span data-contrast=\"auto\">Por otro lado, si un solicitante o distintos miembros someten m\u00e1s de una solicitud para un mismo startup el Programa seleccionar\u00e1 la solicitud m\u00e1s reciente y completa para ser evaluada. El Programa podr\u00e1 contactar a los solicitantes que tengan solicitudes m\u00faltiples o duplicadas para clarificaci\u00f3n, de entenderlo necesario.<\/span><span data-ccp-props=\"{}\">\u00a0<\/span>[\/vc_column_text][vc_column_text]La comunicaci\u00f3n sobre la apertura de la convocatoria para Fase1 Intensive se realizar\u00e1 mediante un aviso publicado en la p\u00e1gina web del Programa\u00a0<strong>Fase1<\/strong>\u00a0(<a href=\"https:\/\/fase1.org\/\">www.fase1.org<\/a>) y a trav\u00e9s de las plataformas sociales de\u00a0<strong>Fase1<\/strong>, comunicados de prensa, correos electr\u00f3nicos, comunicados a organizaciones dentro del ecosistema empresarial en Puerto Rico, entre otros.<\/p>\n<p>Los solicitantes que tengan dudas o necesiten asistencia t\u00e9cnica con su solicitud podr\u00e1n contactar al equipo de Fase1 escribiendo a\u00a0<a href=\"mailto:fase1@prsciencetrust.org\">fase1@prsciencetrust.org<\/a>. Tambi\u00e9n se llevar\u00e1n a cabo m\u00faltiples eventos de divulgaci\u00f3n para personas interesadas. Todos los eventos se publicar\u00e1n y promocionar\u00e1n a trav\u00e9s de las redes sociales de Fase1.[\/vc_column_text][vc_column_text]Los solicitantes podr\u00e1n inscribirse \u00fanicamente a trav\u00e9s del sistema de inscripci\u00f3n de la plataforma electr\u00f3nica disponible en la p\u00e1gina web del Programa\u00a0<strong>Fase1<\/strong>\u00a0(<a href=\"https:\/\/fase1.org\/\">www.fase1.org<\/a>).<\/p>\n<p>Los documentos requeridos para completar la solicitud deber\u00e1n ser adjuntados en el formato requerido en la solicitud. Toda solicitud deber\u00e1 ser recibida dentro del periodo establecido de convocatoria. Toda solicitud que se reciba luego de la fecha establecida no ser\u00e1 evaluada ni considerada.[\/vc_column_text][vc_column_text]Un solicitante podr\u00e1 presentar m\u00faltiples solicitudes para\u00a0<u>distintos<\/u>\u00a0startups o ideas de negocio por convocatoria. Si un solicitante somete m\u00e1s de una solicitud para diferentes ideas o proyectos, Fase1 s\u00f3lo podr\u00e1 seleccionar una de las solicitudes para participar de la incubadora Intensive. En ese caso, Fase1 seleccionar\u00e1 la solicitud que mejor cumpla con los criterios de evaluaci\u00f3n y selecci\u00f3n del Programa.<\/p>\n<p>Por otro lado, si un solicitante o distintos miembros someten m\u00e1s de una solicitud para un mismo startup el Programa seleccionar\u00e1 la solicitud m\u00e1s reciente y completa para ser evaluada. El Programa podr\u00e1 contactar a los solicitantes que tengan solicitudes m\u00faltiples o duplicadas para clarificaci\u00f3n, de entenderlo necesario.<\/p>\n<p>[\/vc_column_text][\/vc_column_inner][\/vc_row_inner][vc_row_inner][vc_column_inner][vc_column_text css=&#8221;.vc_custom_1705599568680{margin-bottom: 8px !important;}&#8221;]<\/p>\n<h3>7. Criterios de Evaluaci\u00f3n y Selecci\u00f3n para Fase1 Intensive<\/h3>\n<p>[\/vc_column_text][vc_column_text]<span data-contrast=\"auto\">Requisitos:<\/span><span data-ccp-props=\"{}\">\u00a0<\/span><\/p>\n<p><span data-contrast=\"auto\">Los solicitantes al Programa Fase1 Intensive deber\u00e1n cumplir con los siguientes requisitos:<\/span><span data-ccp-props=\"{}\">\u00a0<\/span><\/p>\n<ol>\n<li aria-setsize=\"-1\" data-leveltext=\"%1.\" data-font=\"\" data-listid=\"8\" data-list-defn-props=\"{&quot;335552541&quot;:0,&quot;335559685&quot;:720,&quot;335559991&quot;:360,&quot;469769242&quot;:[65533,0],&quot;469777803&quot;:&quot;left&quot;,&quot;469777804&quot;:&quot;%1.&quot;,&quot;469777815&quot;:&quot;multilevel&quot;}\" data-aria-posinset=\"1\" data-aria-level=\"1\"><span data-contrast=\"auto\">Ser residente de Puerto Rico.<\/span><span data-ccp-props=\"{}\">\u00a0<\/span><\/li>\n<li aria-setsize=\"-1\" data-leveltext=\"%1.\" data-font=\"\" data-listid=\"8\" data-list-defn-props=\"{&quot;335552541&quot;:0,&quot;335559685&quot;:720,&quot;335559991&quot;:360,&quot;469769242&quot;:[65533,0],&quot;469777803&quot;:&quot;left&quot;,&quot;469777804&quot;:&quot;%1.&quot;,&quot;469777815&quot;:&quot;multilevel&quot;}\" data-aria-posinset=\"1\" data-aria-level=\"1\"><span data-contrast=\"auto\">Ser mayor de edad, 18 a\u00f1os o m\u00e1s.<\/span><span data-ccp-props=\"{}\">\u00a0<\/span><\/li>\n<li aria-setsize=\"-1\" data-leveltext=\"%1.\" data-font=\"\" data-listid=\"8\" data-list-defn-props=\"{&quot;335552541&quot;:0,&quot;335559685&quot;:720,&quot;335559991&quot;:360,&quot;469769242&quot;:[65533,0],&quot;469777803&quot;:&quot;left&quot;,&quot;469777804&quot;:&quot;%1.&quot;,&quot;469777815&quot;:&quot;multilevel&quot;}\" data-aria-posinset=\"1\" data-aria-level=\"1\"><span data-contrast=\"auto\">Ser ciudadano de EE.UU. o residente permanente.<\/span><span data-ccp-props=\"{}\">\u00a0<\/span><\/li>\n<li aria-setsize=\"-1\" data-leveltext=\"%1.\" data-font=\"\" data-listid=\"8\" data-list-defn-props=\"{&quot;335552541&quot;:0,&quot;335559685&quot;:720,&quot;335559991&quot;:360,&quot;469769242&quot;:[65533,0],&quot;469777803&quot;:&quot;left&quot;,&quot;469777804&quot;:&quot;%1.&quot;,&quot;469777815&quot;:&quot;multilevel&quot;}\" data-aria-posinset=\"1\" data-aria-level=\"1\"><span data-contrast=\"auto\">Haber completado\u00a0al menos\u00a0tres (3) m\u00f3dulos educativos de Fase1 Lab \u2013 Todos los fundadores o due\u00f1os que participar\u00e1n de la incubadora deber\u00e1n haber completado este requisito.<\/span><span data-ccp-props=\"{}\"><span data-ccp-props=\"{}\"><br \/>\n<\/span><\/span><\/p>\n<ul>\n<li style=\"list-style-type: none;\">\n<ul>\n<li aria-setsize=\"-1\" data-leveltext=\"\uf0b7\" data-font=\"Symbol\" data-listid=\"8\" data-list-defn-props=\"{&quot;335552541&quot;:1,&quot;335559685&quot;:1440,&quot;335559991&quot;:360,&quot;469769226&quot;:&quot;Symbol&quot;,&quot;469769242&quot;:[8226],&quot;469777803&quot;:&quot;left&quot;,&quot;469777804&quot;:&quot;\uf0b7&quot;,&quot;469777815&quot;:&quot;multilevel&quot;}\" data-aria-posinset=\"1\" data-aria-level=\"2\"><span data-contrast=\"auto\">Acceda al siguiente enlace para registrarse en Fase1 Lab:<\/span><span data-contrast=\"auto\">\u00a0<\/span><a href=\"https:\/\/4wccc.share.hsforms.com\/2iW0k-0Y3SmaqIYSKABU_aw\"><span data-contrast=\"none\">https:\/\/4wccc.share.hsforms.com\/2iW0k-0Y3SmaqIYSKABU_aw<\/span><\/a><span data-contrast=\"auto\">.<\/span><span data-ccp-props=\"{}\">\u00a0<\/span><\/li>\n<\/ul>\n<\/li>\n<\/ul>\n<ul>\n<li style=\"list-style-type: none;\">\n<ul>\n<li aria-setsize=\"-1\" data-leveltext=\"\uf0b7\" data-font=\"Symbol\" data-listid=\"8\" data-list-defn-props=\"{&quot;335552541&quot;:1,&quot;335559685&quot;:1440,&quot;335559991&quot;:360,&quot;469769226&quot;:&quot;Symbol&quot;,&quot;469769242&quot;:[8226],&quot;469777803&quot;:&quot;left&quot;,&quot;469777804&quot;:&quot;\uf0b7&quot;,&quot;469777815&quot;:&quot;multilevel&quot;}\" data-aria-posinset=\"2\" data-aria-level=\"2\"><span data-contrast=\"auto\">Acceda al siguiente enlace para visitar la Academia Virtual de Fase1 Lab:\u202f<\/span><a href=\"https:\/\/fase1.wisboo.com\/home\"><span data-contrast=\"none\">https:\/\/fase1.wisboo.com\/home<\/span><\/a><span data-contrast=\"auto\">.<\/span><span data-ccp-props=\"{}\">\u00a0<\/span><\/li>\n<\/ul>\n<\/li>\n<\/ul>\n<\/li>\n<li aria-setsize=\"-1\" data-leveltext=\"%1.\" data-font=\"\" data-listid=\"8\" data-list-defn-props=\"{&quot;335552541&quot;:0,&quot;335559685&quot;:720,&quot;335559991&quot;:360,&quot;469769242&quot;:[65533,0],&quot;469777803&quot;:&quot;left&quot;,&quot;469777804&quot;:&quot;%1.&quot;,&quot;469777815&quot;:&quot;multilevel&quot;}\" data-aria-posinset=\"1\" data-aria-level=\"1\"><span data-contrast=\"auto\">Haber completado en su totalidad la solicitud de Fase1 Intensive para la generaci\u00f3n correspondiente, incluyendo los documentos de apoyo requeridos.<\/span><span data-ccp-props=\"{}\">\u00a0<\/span><\/li>\n<li aria-setsize=\"-1\" data-leveltext=\"%1.\" data-font=\"\" data-listid=\"8\" data-list-defn-props=\"{&quot;335552541&quot;:0,&quot;335559685&quot;:720,&quot;335559991&quot;:360,&quot;469769242&quot;:[65533,0],&quot;469777803&quot;:&quot;left&quot;,&quot;469777804&quot;:&quot;%1.&quot;,&quot;469777815&quot;:&quot;multilevel&quot;}\" data-aria-posinset=\"1\" data-aria-level=\"1\"><span data-contrast=\"auto\">Contar con una idea de negocio innovadora y escalable.<\/span><span data-ccp-props=\"{}\"><br \/>\n<\/span><\/p>\n<ul>\n<li aria-setsize=\"-1\" data-leveltext=\"%1.\" data-font=\"\" data-listid=\"8\" data-list-defn-props=\"{&quot;335552541&quot;:0,&quot;335559685&quot;:720,&quot;335559991&quot;:360,&quot;469769242&quot;:[65533,0],&quot;469777803&quot;:&quot;left&quot;,&quot;469777804&quot;:&quot;%1.&quot;,&quot;469777815&quot;:&quot;multilevel&quot;}\" data-aria-posinset=\"1\" data-aria-level=\"1\"><span class=\"TextRun SCXW176946129 BCX0\" lang=\"ES-ES\" xml:lang=\"ES-ES\" data-contrast=\"auto\"><span class=\"NormalTextRun SCXW176946129 BCX0\">Para m\u00e1s informaci\u00f3n del tema puedes ver el M\u00f3dulo<\/span><span class=\"NormalTextRun SCXW176946129 BCX0\">: Fundamentos de\u00a0<\/span><span class=\"NormalTextRun SCXW176946129 BCX0\">Emprendimiento en<\/span><span class=\"NormalTextRun SCXW176946129 BCX0\">\u00a0Fase1 Lab, los temas\u202f<\/span><\/span><span class=\"TextRun SCXW176946129 BCX0\" lang=\"ES-ES\" xml:lang=\"ES-ES\" data-contrast=\"auto\"><span class=\"NormalTextRun SCXW176946129 BCX0\">Formas de pensar innovadoras v. tradicionales y Negocios escalables y disruptivos<\/span><\/span><span class=\"TextRun SCXW176946129 BCX0\" lang=\"ES-ES\" xml:lang=\"ES-ES\" data-contrast=\"auto\"><span class=\"NormalTextRun SCXW176946129 BCX0\">:\u202f<\/span><\/span><a class=\"Hyperlink SCXW176946129 BCX0\" href=\"https:\/\/fase1.wisboo.com\/product\/modulo-1\" target=\"_blank\" rel=\"noreferrer noopener\"><span class=\"TextRun Underlined SCXW176946129 BCX0\" lang=\"ES-ES\" xml:lang=\"ES-ES\" data-contrast=\"none\"><span class=\"NormalTextRun SCXW176946129 BCX0\" data-ccp-charstyle=\"Hyperlink\">https:\/\/fase1.wisboo.com\/product\/modulo-1<\/span><\/span><\/a><span class=\"EOP Selected SCXW176946129 BCX0\" data-ccp-props=\"{}\">\u00a0<\/span><\/li>\n<\/ul>\n<\/li>\n<li aria-setsize=\"-1\" data-leveltext=\"%1.\" data-font=\"\" data-listid=\"8\" data-list-defn-props=\"{&quot;335552541&quot;:0,&quot;335559685&quot;:720,&quot;335559991&quot;:360,&quot;469769242&quot;:[65533,0],&quot;469777803&quot;:&quot;left&quot;,&quot;469777804&quot;:&quot;%1.&quot;,&quot;469777815&quot;:&quot;multilevel&quot;}\" data-aria-posinset=\"1\" data-aria-level=\"1\"><span data-contrast=\"auto\">Incluir un video corto presentando su proyecto\/idea. Este v\u00eddeo debe tener una duraci\u00f3n aproximada de dos minutos.<\/span><span data-ccp-props=\"{}\">\u00a0<\/span><\/li>\n<li aria-setsize=\"-1\" data-leveltext=\"%1.\" data-font=\"\" data-listid=\"8\" data-list-defn-props=\"{&quot;335552541&quot;:0,&quot;335559685&quot;:720,&quot;335559991&quot;:360,&quot;469769242&quot;:[65533,0],&quot;469777803&quot;:&quot;left&quot;,&quot;469777804&quot;:&quot;%1.&quot;,&quot;469777815&quot;:&quot;multilevel&quot;}\" data-aria-posinset=\"1\" data-aria-level=\"1\"><span data-contrast=\"auto\">Completar Auto-certificaci\u00f3n de Ingresos con\u00a0la plantilla provista en la solicitud\u00a0y\/o\u00a0proveer\u00a0evidencia de ingresos del hogar con su solicitud<\/span><span data-contrast=\"auto\">3<\/span><span data-contrast=\"auto\">\u202fde todos los due\u00f1os o fundadores del negocio o idea. Cualquier solicitud de informaci\u00f3n adicional debe ser provista dentro del periodo establecido por el Fase1.<\/span><span data-ccp-props=\"{}\">\u00a0<\/span><\/li>\n<\/ol>\n<ul>\n<li style=\"list-style-type: none;\"><\/li>\n<\/ul>\n<ul>\n<li style=\"list-style-type: none;\"><\/li>\n<\/ul>\n<p>[\/vc_column_text][vc_column_text]Proceso de evaluaci\u00f3n y selecci\u00f3n<\/p>\n<ol>\n<li aria-setsize=\"-1\" data-leveltext=\"%1.\" data-font=\"\" data-listid=\"9\" data-list-defn-props=\"{&quot;335552541&quot;:0,&quot;335559685&quot;:720,&quot;335559991&quot;:360,&quot;469769242&quot;:[65533,0],&quot;469777803&quot;:&quot;left&quot;,&quot;469777804&quot;:&quot;%1.&quot;,&quot;469777815&quot;:&quot;multilevel&quot;}\" data-aria-posinset=\"1\" data-aria-level=\"1\"><span data-contrast=\"auto\">El equipo de\u202f<\/span><b><span data-contrast=\"auto\">Fase1<\/span><\/b><span data-contrast=\"auto\">\u202frealizar\u00e1 una evaluaci\u00f3n inicial de todas las solicitudes recibidas para cada generaci\u00f3n. Para esta primera parte se considerar\u00e1 lo siguiente: cumplimiento con los criterios de elegibilidad generales del programa SBIA que incluye ser residente de Puerto Rico, ser mayor de edad y ser ciudadano de EE.UU. o agente residente. Del solicitante tener un negocio establecido se verificar\u00e1 que est\u00e9 localizado y registrado en Puerto Rico y que tenga 5 empleados o menos.<\/span><span data-ccp-props=\"{}\">\u00a0<\/span><\/li>\n<li aria-setsize=\"-1\" data-leveltext=\"%1.\" data-font=\"\" data-listid=\"9\" data-list-defn-props=\"{&quot;335552541&quot;:0,&quot;335559685&quot;:720,&quot;335559991&quot;:360,&quot;469769242&quot;:[65533,0],&quot;469777803&quot;:&quot;left&quot;,&quot;469777804&quot;:&quot;%1.&quot;,&quot;469777815&quot;:&quot;multilevel&quot;}\" data-aria-posinset=\"1\" data-aria-level=\"1\"><span data-contrast=\"auto\">Se verificar\u00e1 si el solicitante cumple con los dem\u00e1s requisitos tales como el haber completado\u00a0al menos\u00a0tres (3) m\u00f3dulos de Fase1 Lab, haber completado la solicitud en todas sus partes incluyendo documentos de apoyo, y haber sometido un video corto (de dos minutos o menos) presentando su idea de negocio.<\/span><span data-ccp-props=\"{}\">\u00a0<\/span><\/li>\n<li aria-setsize=\"-1\" data-leveltext=\"%1.\" data-font=\"\" data-listid=\"9\" data-list-defn-props=\"{&quot;335552541&quot;:0,&quot;335559685&quot;:720,&quot;335559991&quot;:360,&quot;469769242&quot;:[65533,0],&quot;469777803&quot;:&quot;left&quot;,&quot;469777804&quot;:&quot;%1.&quot;,&quot;469777815&quot;:&quot;multilevel&quot;}\" data-aria-posinset=\"1\" data-aria-level=\"1\"><span data-contrast=\"auto\">Se evaluar\u00e1 si el proyecto\/idea propuesta es para fines de lucro, seg\u00fan aplicable para peque\u00f1as empresas.<\/span><span data-contrast=\"auto\">1<\/span><span data-ccp-props=\"{}\">\u00a0<\/span><\/li>\n<li aria-setsize=\"-1\" data-leveltext=\"%1.\" data-font=\"\" data-listid=\"9\" data-list-defn-props=\"{&quot;335552541&quot;:0,&quot;335559685&quot;:720,&quot;335559991&quot;:360,&quot;469769242&quot;:[65533,0],&quot;469777803&quot;:&quot;left&quot;,&quot;469777804&quot;:&quot;%1.&quot;,&quot;469777815&quot;:&quot;multilevel&quot;}\" data-aria-posinset=\"1\" data-aria-level=\"1\"><span data-contrast=\"auto\">Toda solicitud que no cumpla con los criterios de elegibilidad o se considere incompleta o no responsiva ser\u00e1 denegada y se eliminar\u00e1 del proceso de selecci\u00f3n. Fase1 enviar\u00e1 una comunicaci\u00f3n escrita al solicitante sobre la determinaci\u00f3n.<\/span><span data-ccp-props=\"{}\">\u00a0<\/span><\/li>\n<\/ol>\n<p><b><span data-contrast=\"auto\">Proceso de selecci\u00f3n y evaluaci\u00f3n Externo para el Programa Fase1 Intensive:<\/span><\/b><span data-ccp-props=\"{}\">\u00a0<\/span><\/p>\n<ol>\n<li aria-setsize=\"-1\" data-leveltext=\"%1.\" data-font=\"\" data-listid=\"10\" data-list-defn-props=\"{&quot;335552541&quot;:0,&quot;335559685&quot;:720,&quot;335559991&quot;:360,&quot;469769242&quot;:[65533,0],&quot;469777803&quot;:&quot;left&quot;,&quot;469777804&quot;:&quot;%1.&quot;,&quot;469777815&quot;:&quot;multilevel&quot;}\" data-aria-posinset=\"1\" data-aria-level=\"1\"><span data-contrast=\"auto\">Las solicitudes a Fase1 Intensive que hayan pasado la primera etapa del proceso de evaluaci\u00f3n continuar\u00e1n a la segunda etapa de evaluaci\u00f3n externa. El equipo de\u202f<\/span><b><span data-contrast=\"auto\">Fase1<\/span><\/b><span data-contrast=\"auto\">\u202fevaluar\u00e1 las solicitudes junto a un grupo\u00a09\u00a0jueces externos al Programa compuesto por expertos y mentores en temas relacionados al desarrollo de ideas de negocios innovadores y escalables. Este grupo de jueces evaluar\u00e1 las solicitudes individualmente asign\u00e1ndole puntuaci\u00f3n e identificando las 50 solicitudes con mayor puntuaci\u00f3n.<\/span><span data-ccp-props=\"{}\">\u00a0<\/span><\/li>\n<li aria-setsize=\"-1\" data-leveltext=\"%1.\" data-font=\"\" data-listid=\"10\" data-list-defn-props=\"{&quot;335552541&quot;:0,&quot;335559685&quot;:720,&quot;335559991&quot;:360,&quot;469769242&quot;:[65533,0],&quot;469777803&quot;:&quot;left&quot;,&quot;469777804&quot;:&quot;%1.&quot;,&quot;469777815&quot;:&quot;multilevel&quot;}\" data-aria-posinset=\"1\" data-aria-level=\"1\"><span data-contrast=\"auto\">Fase1 revisar\u00e1 la informaci\u00f3n de ingresos de las 50 solicitudes con mayor puntuaci\u00f3n para identificar individuos de bajos y moderados ingresos, seg\u00fan los l\u00edmites establecidos anualmente por HUD, en cumplimiento con los Objetivos Nacionales y las gu\u00edas del HUD.<\/span><span data-ccp-props=\"{}\">\u00a0<\/span><\/li>\n<li aria-setsize=\"-1\" data-leveltext=\"%1.\" data-font=\"\" data-listid=\"10\" data-list-defn-props=\"{&quot;335552541&quot;:0,&quot;335559685&quot;:720,&quot;335559991&quot;:360,&quot;469769242&quot;:[65533,0],&quot;469777803&quot;:&quot;left&quot;,&quot;469777804&quot;:&quot;%1.&quot;,&quot;469777815&quot;:&quot;multilevel&quot;}\" data-aria-posinset=\"1\" data-aria-level=\"1\"><span data-contrast=\"auto\">El Programa har\u00e1 un an\u00e1lisis de Duplicidad de Beneficios<\/span><span data-contrast=\"auto\">4<\/span><span data-contrast=\"auto\">\u202fde los solicitantes de Fase1 intensive, seg\u00fan dispone el Programa de CDBG-DR.<\/span><span data-ccp-props=\"{}\">\u00a0<\/span><\/li>\n<li aria-setsize=\"-1\" data-leveltext=\"%1.\" data-font=\"\" data-listid=\"10\" data-list-defn-props=\"{&quot;335552541&quot;:0,&quot;335559685&quot;:720,&quot;335559991&quot;:360,&quot;469769242&quot;:[65533,0],&quot;469777803&quot;:&quot;left&quot;,&quot;469777804&quot;:&quot;%1.&quot;,&quot;469777815&quot;:&quot;multilevel&quot;}\" data-aria-posinset=\"1\" data-aria-level=\"1\"><span data-contrast=\"auto\">El equipo de Fase1 podr\u00e1 contactar a los solicitantes durante el proceso de evaluaci\u00f3n y selecci\u00f3n para solicitar informaci\u00f3n o documentos adicionales, de ser necesario.<\/span><span data-ccp-props=\"{}\">\u00a0<\/span><\/li>\n<li aria-setsize=\"-1\" data-leveltext=\"%1.\" data-font=\"\" data-listid=\"10\" data-list-defn-props=\"{&quot;335552541&quot;:0,&quot;335559685&quot;:720,&quot;335559991&quot;:360,&quot;469769242&quot;:[65533,0],&quot;469777803&quot;:&quot;left&quot;,&quot;469777804&quot;:&quot;%1.&quot;,&quot;469777815&quot;:&quot;multilevel&quot;}\" data-aria-posinset=\"1\" data-aria-level=\"1\"><span data-contrast=\"auto\">Una vez concluido el proceso de evaluaci\u00f3n y selecci\u00f3n (interna y externa), el equipo de Fase1 tendr\u00e1 quince (15) d\u00edas h\u00e1biles para informar por escrito a los solicitantes seleccionados sobre la aceptaci\u00f3n a la incubadora Fase1 Intensive y confirmar la participaci\u00f3n.<\/span><span data-ccp-props=\"{}\">\u00a0<\/span><\/li>\n<li aria-setsize=\"-1\" data-leveltext=\"%1.\" data-font=\"\" data-listid=\"10\" data-list-defn-props=\"{&quot;335552541&quot;:0,&quot;335559685&quot;:720,&quot;335559991&quot;:360,&quot;469769242&quot;:[65533,0],&quot;469777803&quot;:&quot;left&quot;,&quot;469777804&quot;:&quot;%1.&quot;,&quot;469777815&quot;:&quot;multilevel&quot;}\" data-aria-posinset=\"1\" data-aria-level=\"1\"><span data-contrast=\"auto\">Los participantes seleccionados tendr\u00e1n cinco (5) d\u00edas calendario para presentar su aceptaci\u00f3n. Si en esos cinco (5) d\u00edas no se recibe la aceptaci\u00f3n junto con alg\u00fan documento adicional requerido, se proceder\u00e1 a escoger al pr\u00f3ximo solicitante en lista con mayor puntuaci\u00f3n.<\/span><span data-ccp-props=\"{}\">\u00a0<\/span><\/li>\n<li aria-setsize=\"-1\" data-leveltext=\"%1.\" data-font=\"\" data-listid=\"10\" data-list-defn-props=\"{&quot;335552541&quot;:0,&quot;335559685&quot;:720,&quot;335559991&quot;:360,&quot;469769242&quot;:[65533,0],&quot;469777803&quot;:&quot;left&quot;,&quot;469777804&quot;:&quot;%1.&quot;,&quot;469777815&quot;:&quot;multilevel&quot;}\" data-aria-posinset=\"1\" data-aria-level=\"1\"><span data-contrast=\"auto\">Fase1 podr\u00e1 tomar en consideraci\u00f3n la cualificaci\u00f3n de solicitantes de ingresos bajos y moderados y cualquier Duplicidad de Beneficios identificada como criterios de selecci\u00f3n a la incubadora Fase1 Intensive.<\/span><span data-ccp-props=\"{}\">\u00a0<\/span><\/li>\n<\/ol>\n<p><b><span data-contrast=\"auto\">Fase1<\/span><\/b><span data-contrast=\"auto\">\u202fanunciar\u00e1 que el proceso de selecci\u00f3n ha concluido y que los participantes para la generaci\u00f3n o cohorte aplicable de Fase1 Intensive han sido debidamente seleccionados y notificados.<\/span><span data-ccp-props=\"{}\">\u00a0<\/span>[\/vc_column_text][\/vc_column_inner][\/vc_row_inner][vc_row_inner][vc_column_inner][vc_column_text css=&#8221;.vc_custom_1705600408425{margin-bottom: 8px !important;}&#8221;]<\/p>\n<h3>8. Declaraci\u00f3n del participante<\/h3>\n<p>[\/vc_column_text][vc_column_text]<span data-contrast=\"auto\">Al aceptar la invitaci\u00f3n a participar del Programa Fase1 Intensive los participantes garantizan y declaran a\u202f<\/span><b><span data-contrast=\"auto\">Fase1<\/span><\/b><span data-contrast=\"auto\">\u202flo siguiente:<\/span><span data-ccp-props=\"{}\">\u00a0<\/span><\/p>\n<ol>\n<li aria-setsize=\"-1\" data-leveltext=\"%1.\" data-font=\"\" data-listid=\"11\" data-list-defn-props=\"{&quot;335552541&quot;:0,&quot;335559685&quot;:720,&quot;335559991&quot;:360,&quot;469769242&quot;:[65533,0],&quot;469777803&quot;:&quot;left&quot;,&quot;469777804&quot;:&quot;%1.&quot;,&quot;469777815&quot;:&quot;multilevel&quot;}\" data-aria-posinset=\"1\" data-aria-level=\"1\"><span data-contrast=\"auto\">Los participantes declarar\u00e1n que la informaci\u00f3n proporcionada a\u202f<\/span><b><span data-contrast=\"auto\">Fase1<\/span><\/b><span data-contrast=\"auto\">\u202fdurante las fases de solicitud es exacta, completa y verdadera.<\/span><span data-ccp-props=\"{}\">\u00a0<\/span><\/li>\n<li aria-setsize=\"-1\" data-leveltext=\"%1.\" data-font=\"\" data-listid=\"11\" data-list-defn-props=\"{&quot;335552541&quot;:0,&quot;335559685&quot;:720,&quot;335559991&quot;:360,&quot;469769242&quot;:[65533,0],&quot;469777803&quot;:&quot;left&quot;,&quot;469777804&quot;:&quot;%1.&quot;,&quot;469777815&quot;:&quot;multilevel&quot;}\" data-aria-posinset=\"1\" data-aria-level=\"1\"><span data-contrast=\"auto\">Cada participante entiende que en la eventualidad de no haber divulgado informaci\u00f3n relevante a su proyecto\/idea que pudo haber influenciado el proceso de selecci\u00f3n, el equipo de\u202f<\/span><b><span data-contrast=\"auto\">Fase1<\/span><\/b><span data-contrast=\"auto\">\u202fpodr\u00e1 evaluar poner fin anticipadamente a la participaci\u00f3n de su proyecto\/idea en Fase1 Intensive.<\/span><span data-ccp-props=\"{}\">\u00a0<\/span><\/li>\n<\/ol>\n<p><span data-contrast=\"auto\">Los participantes se comprometen a no faltar a ning\u00fan derecho de propiedad intelectual, confidencialidad, derecho de privacidad u otro derecho de persona o entidad aplicable. Referirse a los T\u00e9rminos de Uso disponibles en\u202f<\/span><a href=\"https:\/\/fase1.org\/terminos-de-uso\/\"><span data-contrast=\"none\">https:\/\/fase1.org\/terminos-de-uso\/<\/span><\/a><span data-contrast=\"auto\">.<\/span><span data-ccp-props=\"{}\">\u00a0<\/span>[\/vc_column_text][\/vc_column_inner][\/vc_row_inner][vc_row_inner][vc_column_inner][vc_column_text css=&#8221;.vc_custom_1776970659427{margin-bottom: 8px !important;}&#8221;]<\/p>\n<h3>9. <span class=\"TextRun SCXW93764416 BCX0\" lang=\"ES-ES\" xml:lang=\"ES-ES\" data-contrast=\"auto\"><span class=\"NormalTextRun SCXW93764416 BCX0\">Quejas de Ciudadanos<\/span><\/span><\/h3>\n<p>[\/vc_column_text][vc_column_text]<span data-contrast=\"auto\">Como parte de atender las necesidades de recuperaci\u00f3n de la Isla, el Programa recibir\u00e1 cualquier queja relativa a asuntos de administraci\u00f3n general de los fondos CDBG-DR. Es responsabilidad de Vivienda, como recipiente de los fondos, el garantizar que todas las quejas se atiendan a tiempo y de forma consistente. Igualmente, deber\u00e1, como m\u00ednimo, proveer una respuesta sustantiva por escrito -a cada una de las quejas recibidas por escrito- dentro del t\u00e9rmino de quince (15) d\u00edas laborables, de ello ser factible.<\/span><span data-ccp-props=\"{}\">\u00a0<\/span><\/p>\n<p><span data-contrast=\"auto\">Las personas que deseen someter una queja por escrito, de \u00edndole formal, relacionada con asuntos de actividades manejadas con fondos CDBG-DR, lo podr\u00e1n hacer v\u00eda:<\/span><span data-ccp-props=\"{}\">\u00a0<\/span><\/p>\n<ul>\n<li aria-setsize=\"-1\" data-leveltext=\"\uf0b7\" data-font=\"Symbol\" data-listid=\"12\" data-list-defn-props=\"{&quot;335552541&quot;:1,&quot;335559685&quot;:720,&quot;335559991&quot;:360,&quot;469769226&quot;:&quot;Symbol&quot;,&quot;469769242&quot;:[8226],&quot;469777803&quot;:&quot;left&quot;,&quot;469777804&quot;:&quot;\uf0b7&quot;,&quot;469777815&quot;:&quot;multilevel&quot;}\" data-aria-posinset=\"1\" data-aria-level=\"1\"><span data-contrast=\"auto\">Por correo electr\u00f3nico:\u202f<\/span><a href=\"mailto:fase1@prsciencetrust.org\"><span data-contrast=\"none\">LegalCDBG@vivienda.pr.gov<\/span><\/a><span data-contrast=\"auto\">.<\/span><span data-ccp-props=\"{}\">\u00a0<\/span><\/li>\n<\/ul>\n<ul>\n<li aria-setsize=\"-1\" data-leveltext=\"\uf0b7\" data-font=\"Symbol\" data-listid=\"12\" data-list-defn-props=\"{&quot;335552541&quot;:1,&quot;335559685&quot;:720,&quot;335559991&quot;:360,&quot;469769226&quot;:&quot;Symbol&quot;,&quot;469769242&quot;:[8226],&quot;469777803&quot;:&quot;left&quot;,&quot;469777804&quot;:&quot;\uf0b7&quot;,&quot;469777815&quot;:&quot;multilevel&quot;}\" data-aria-posinset=\"2\" data-aria-level=\"1\"><span data-contrast=\"auto\">En l\u00ednea<\/span><span data-contrast=\"auto\">\u00a0<\/span><a href=\"https:\/\/recuperacion.pr.gov\/en\/contact-us\/complaints\/\"><span data-contrast=\"none\">Complaints &#8211; CDBG-DR\/MIT Recovery Funds<\/span><\/a><span data-contrast=\"auto\">\u00a0(ingl\u00e9s)\u202f<\/span><a href=\"https:\/\/recuperacion.pr.gov\/contactanos\/quejas\/\"><span data-contrast=\"none\">Quejas &#8211; Recuperaci\u00f3n Fondos CDBG-DR\/MIT<\/span><\/a><span data-contrast=\"auto\">\u00a0(espa\u00f1ol).<\/span><span data-ccp-props=\"{}\">\u00a0<\/span><\/li>\n<\/ul>\n<ul>\n<li aria-setsize=\"-1\" data-leveltext=\"\uf0b7\" data-font=\"Symbol\" data-listid=\"12\" data-list-defn-props=\"{&quot;335552541&quot;:1,&quot;335559685&quot;:720,&quot;335559991&quot;:360,&quot;469769226&quot;:&quot;Symbol&quot;,&quot;469769242&quot;:[8226],&quot;469777803&quot;:&quot;left&quot;,&quot;469777804&quot;:&quot;\uf0b7&quot;,&quot;469777815&quot;:&quot;multilevel&quot;}\" data-aria-posinset=\"3\" data-aria-level=\"1\"><span data-contrast=\"auto\">Por correo:<\/span><br \/>\n<span data-contrast=\"auto\">Programa CDBG-DR<\/span><br \/>\n<span data-contrast=\"auto\">Attn: Divisi\u00f3n Legal del Programa CDBG-DR \u2013 Quejas<\/span><br \/>\n<span data-contrast=\"auto\">P.O. Box 21365 San Juan, PR 00928-1365<\/span><span data-ccp-props=\"{}\">\u00a0<\/span><\/li>\n<\/ul>\n<p><span data-contrast=\"auto\">A pesar de que es requerido que las quejas formales sean sometidas por escrito, estas podr\u00e1n hacerse verbalmente y por otros medios necesarios, seg\u00fan sea el caso, cuando Vivienda determine que las circunstancias particulares del ciudadano querellante no le permiten presentar una queja por escrito. No obstante, en estas instancias, Vivienda deber\u00e1 convertir dichas quejas en un formato escrito.\u00a0<\/span><span data-contrast=\"auto\">Los m\u00e9todos alternativos incluyen, pero no se limitan a:<\/span><span data-ccp-props=\"{}\">\u00a0<\/span><\/p>\n<ul>\n<li aria-setsize=\"-1\" data-leveltext=\"\uf0b7\" data-font=\"Symbol\" data-listid=\"13\" data-list-defn-props=\"{&quot;335552541&quot;:1,&quot;335559685&quot;:720,&quot;335559991&quot;:360,&quot;469769226&quot;:&quot;Symbol&quot;,&quot;469769242&quot;:[8226],&quot;469777803&quot;:&quot;left&quot;,&quot;469777804&quot;:&quot;\uf0b7&quot;,&quot;469777815&quot;:&quot;multilevel&quot;}\" data-aria-posinset=\"1\" data-aria-level=\"1\"><span data-contrast=\"auto\">V\u00eda telef\u00f3nica:<\/span><br \/>\n<span data-contrast=\"auto\">1-833-234-CDBG o 1-833-234-2324 (TTY: 787-522-5950)<\/span><span data-ccp-props=\"{}\">\u00a0<\/span><\/li>\n<\/ul>\n<ul>\n<li aria-setsize=\"-1\" data-leveltext=\"\uf0b7\" data-font=\"Symbol\" data-listid=\"13\" data-list-defn-props=\"{&quot;335552541&quot;:1,&quot;335559685&quot;:720,&quot;335559991&quot;:360,&quot;469769226&quot;:&quot;Symbol&quot;,&quot;469769242&quot;:[8226],&quot;469777803&quot;:&quot;left&quot;,&quot;469777804&quot;:&quot;\uf0b7&quot;,&quot;469777815&quot;:&quot;multilevel&quot;}\" data-aria-posinset=\"2\" data-aria-level=\"1\"><span data-contrast=\"auto\">En persona en:<\/span><br \/>\n<span data-contrast=\"auto\">Oficina Central de Vivienda o en los Centros de Admisi\u00f3n Espec\u00edficos de los Programas<\/span><br \/>\n<span data-contrast=\"auto\">*Horario de servicio: lunes \u2013 viernes 8:00 a.m. a 5:00 p.m.<\/span><span data-ccp-props=\"{}\">\u00a0<\/span><\/li>\n<\/ul>\n<p><span data-contrast=\"auto\">La Pol\u00edtica sobre Presentaci\u00f3n de Quejas y todas las pol\u00edticas del Programa CDBG-DR est\u00e1n disponibles en ingl\u00e9s y espa\u00f1ol en la p\u00e1gina web de Vivienda en:<\/span><span data-ccp-props=\"{}\">\u00a0<\/span><\/p>\n<ul>\n<li aria-setsize=\"-1\" data-leveltext=\"\uf0b7\" data-font=\"Symbol\" data-listid=\"14\" data-list-defn-props=\"{&quot;335552541&quot;:1,&quot;335559685&quot;:720,&quot;335559991&quot;:360,&quot;469769226&quot;:&quot;Symbol&quot;,&quot;469769242&quot;:[8226],&quot;469777803&quot;:&quot;left&quot;,&quot;469777804&quot;:&quot;\uf0b7&quot;,&quot;469777815&quot;:&quot;multilevel&quot;}\" data-aria-posinset=\"1\" data-aria-level=\"1\"><a href=\"https:\/\/recuperacion.pr.gov\/en\/download\/citizen-complaints-policy\/\"><span data-contrast=\"none\">Citizen Complaints Policy &#8211; CDBG-DR\/MIT Recovery Funds<\/span><\/a><span data-ccp-props=\"{}\">\u00a0<\/span><\/li>\n<\/ul>\n<ul>\n<li aria-setsize=\"-1\" data-leveltext=\"\uf0b7\" data-font=\"Symbol\" data-listid=\"14\" data-list-defn-props=\"{&quot;335552541&quot;:1,&quot;335559685&quot;:720,&quot;335559991&quot;:360,&quot;469769226&quot;:&quot;Symbol&quot;,&quot;469769242&quot;:[8226],&quot;469777803&quot;:&quot;left&quot;,&quot;469777804&quot;:&quot;\uf0b7&quot;,&quot;469777815&quot;:&quot;multilevel&quot;}\" data-aria-posinset=\"2\" data-aria-level=\"1\"><a href=\"https:\/\/recuperacion.pr.gov\/download\/politica-sobre-presentacion-de-quejas\/\"><span data-contrast=\"none\">Pol\u00edtica sobre Presentaci\u00f3n de Quejas &#8211; Recuperaci\u00f3n Fondos CDBG-DR\/MIT<\/span><\/a><span data-contrast=\"auto\">.<\/span><span data-ccp-props=\"{}\">\u00a0<\/span><\/li>\n<\/ul>\n<p>[\/vc_column_text][\/vc_column_inner][\/vc_row_inner][vc_row_inner][vc_column_inner][vc_column_text css=&#8221;.vc_custom_1776970699047{margin-bottom: 8px !important;}&#8221;]<\/p>\n<h3>10. <span class=\"TextRun SCXW71877453 BCX0\" lang=\"ES-ES\" xml:lang=\"ES-ES\" data-contrast=\"auto\"><span class=\"NormalTextRun SCXW71877453 BCX0\">Preguntas, Consultas y Peticiones Especiales a Fase1<\/span><\/span><\/h3>\n<p>[\/vc_column_text][vc_column_text]El solicitante puede presentar directamente a PRDOH una Solicitud de Revisi\u00f3n Administrativa siguiendo el procedimiento establecido en el Reglamento 4953. El solicitante deber\u00e1 presentar dicha solicitud, por escrito, en un plazo de veinte (20) d\u00edas calendario a partir de la fecha de env\u00edo de una copia de la determinaci\u00f3n del Programa o de una notificaci\u00f3n de determinaci\u00f3n de denegaci\u00f3n de solicitud de reconsideraci\u00f3n se archiv\u00f3 en el registro de la agencia.<\/p>\n<p>Si despu\u00e9s de completar un Procedimiento Adjudicativo Administrativo de la revisi\u00f3n de la solicitud administrativa, el Departamento de la Vivienda de Puerto Rico determina que el solicitante cumple con todos los requisitos de elegibilidad, notificar\u00e1 al solicitante que ha sido aceptado para participar en el Programa. Si el Departamento de la Vivienda determina que el solicitante no cumple con los requisitos de elegibilidad, enviar\u00e1 una determinaci\u00f3n final por escrito al solicitante, quien podr\u00e1 entonces presentar una petici\u00f3n de Revisi\u00f3n Judicial ante el Tribunal de Apelaciones de Puerto Rico dentro de los treinta (30) d\u00edas siguientes a la radicaci\u00f3n de una copia de la notificaci\u00f3n.[\/vc_column_text][\/vc_column_inner][\/vc_row_inner][vc_row_inner][vc_column_inner][vc_column_text css=&#8221;.vc_custom_1705601199181{margin-bottom: 8px !important;}&#8221;]<\/p>\n<h3>11. Quejas de Ciudadanos<\/h3>\n<p>[\/vc_column_text][vc_column_text]Como parte de atender las necesidades de recuperaci\u00f3n de la Isla, el Programa recibir\u00e1 cualquier queja relativa a asuntos de administraci\u00f3n general de los fondos CDBG-DR. Es responsabilidad de Vivienda, como recipiente de los fondos, el garantizar que todas las quejas se atiendan a tiempo y de forma consistente. Igualmente, deber\u00e1, como m\u00ednimo, proveer una respuesta sustantiva por escrito -a cada una de las quejas recibidas por escrito- dentro del t\u00e9rmino de quince (15) d\u00edas laborables, de ello ser factible.<\/p>\n<p>Las personas que deseen someter una queja por escrito, de \u00edndole formal, relacionada con asuntos de actividades manejadas con fondos CDBG-DR, lo podr\u00e1n hacer v\u00eda:<\/p>\n<ul>\n<li>Por correo electr\u00f3nico:\u00a0<a href=\"mailto:LegalCDBG@vivienda.pr.gov\">LegalCDBG@vivienda.pr.gov<\/a>.<\/li>\n<li>En l\u00ednea:\u00a0<a href=\"https:\/\/cdbg-dr.pr.gov\/en\/complaints\/\">https:\/\/cdbg-dr.pr.gov\/en\/complaints\/<\/a>\u00a0(ingl\u00e9s)\u00a0<a href=\"https:\/\/cdbg-dr.pr.gov\/quejas\/\">https:\/\/cdbg-dr.pr.gov\/quejas\/<\/a><br \/>\n(espa\u00f1ol).<\/li>\n<li>Por correo:<br \/>\nPrograma CDBG-DR<br \/>\nAttn: Divisi\u00f3n Legal del Programa CDBG-DR \u2013 Quejas<br \/>\nP.O. Box 21365 San Juan, PR 00928-1365<\/li>\n<\/ul>\n<p>A pesar de que es requerido que las quejas formales sean sometidas por escrito, estas podr\u00e1n hacerse verbalmente y por otros medios necesarios, seg\u00fan sea el caso, cuando Vivienda determine que las circunstancias particulares del ciudadano querellante no le permiten presentar una queja por escrito. No obstante, en estas instancias, Vivienda deber\u00e1 convertir dichas quejas en un formato escrito. Los m\u00e9todos alternativos incluyen, pero no se limitan a:<\/p>\n<ul>\n<li>V\u00eda telef\u00f3nica:<br \/>\n1-833-234-CDBG o 1-833-234-2324 (TTY: 787-522-5950)<\/li>\n<li>En persona en:<br \/>\nOficina Central de Vivienda o en los Centros de Admisi\u00f3n Espec\u00edficos de los Programas<br \/>\n*Horario de servicio: lunes \u2013 viernes 8:00 a.m. a 5:00 p.m.<\/li>\n<\/ul>\n<p>La Pol\u00edtica sobre Presentaci\u00f3n de Quejas y todas las pol\u00edticas del Programa CDBG-DR est\u00e1n disponibles en ingl\u00e9s y espa\u00f1ol en la p\u00e1gina web de Vivienda en:<\/p>\n<ul>\n<li><a href=\"https:\/\/www.cdbg-r.pr.gov\/en\/resources\/policies\/general-policies\/\">https:\/\/www.cdbg-r.pr.gov\/en\/resources\/policies\/general-policies\/<\/a><\/li>\n<li><a href=\"https:\/\/www.cdbg-dr.pr.gov\/recursos\/politicas\/politicas-generales\/\">https:\/\/www.cdbg-dr.pr.gov\/recursos\/politicas\/politicas-generales\/<\/a>.<\/li>\n<\/ul>\n<p>[\/vc_column_text][\/vc_column_inner][\/vc_row_inner][vc_row_inner][vc_column_inner][vc_column_text css=&#8221;.vc_custom_1705601220547{margin-bottom: 8px !important;}&#8221;]<\/p>\n<h3>12. Preguntas, Consultas y Peticiones Especiales a Fase1<\/h3>\n<p>[\/vc_column_text][vc_column_text]<span data-contrast=\"auto\">Las actividades realizadas bajo el Programa Fase1, se llevar\u00e1n a cabo de manera que no se discrimine contra ninguna persona por motivo de raza, credo, color, origen nacional, religi\u00f3n, sexo, discapacidad, situaci\u00f3n familiar, identidad de g\u00e9nero, orientaci\u00f3n sexual, estado civil o edad; siguiendo la Pol\u00edtica de Equidad de Vivienda e Igualdad de Oportunidades para los Programas CDBG-DR.<\/span><span data-ccp-props=\"{}\">\u00a0<\/span><\/p>\n<p><span data-contrast=\"auto\">Siguiendo la Pol\u00edtica de Acomodo Razonable, toda persona con diversidad funcional, familiar de o persona autorizada por una persona con diversidad funcional (en conjunto \u201csolicitante\u201d) puede solicitar una modificaci\u00f3n o acomodo razonable de varias maneras. Es aconsejable que los solicitantes presenten su solicitud por escrito a\u202f<\/span><a href=\"https:\/\/fase1.org\/\"><span data-contrast=\"none\">fase1@prsciencetrust.org<\/span><\/a><span data-contrast=\"auto\">\u202fpara asegurarse de que la solicitud se reciba y conteste de manera adecuada; sin embargo, tambi\u00e9n se aceptar\u00e1n solicitudes verbales.<\/span><span data-ccp-props=\"{}\">\u00a0<\/span><\/p>\n<p><span data-contrast=\"auto\">El Programa Fase1, tiene personal capacitado para brindar comunicaci\u00f3n oportuna y eficiente a las personas que requieran acceso u orientaci\u00f3n en el lenguaje ingl\u00e9s.<\/span><span data-ccp-props=\"{}\">\u00a0<\/span><\/p>\n<p><span data-contrast=\"auto\">Las preguntas o consultas acera del Programa Fase1 Intensive pueden dirigirse en ingl\u00e9s o en espa\u00f1ol a la siguiente direcci\u00f3n de correo electr\u00f3nico:\u202f<\/span><a href=\"mailto:fase1@prsciencetrust.org\"><span data-contrast=\"none\">fase1@prsciencetrust.org<\/span><\/a><span data-contrast=\"auto\">.<\/span><span data-ccp-props=\"{}\">\u00a0<\/span><\/p>\n<p><i><span data-contrast=\"auto\">El Fideicomiso para Ciencia, Tecnolog\u00eda e Investigaci\u00f3n de Puerto Rico se reserva el derecho de enmendar unilateralmente estos t\u00e9rminos y condiciones en publicaciones futuras. Los participantes recibir\u00e1n notificaci\u00f3n electr\u00f3nica sobre el hecho. La continuidad de participaci\u00f3n en el programa de Fase 1 se entender\u00e1 como prestaci\u00f3n de consentimiento a la nueva versi\u00f3n de este documento.<\/span><\/i><span data-ccp-props=\"{}\">\u00a0<\/span><\/p>\n<p><span data-contrast=\"auto\"><sup>1<\/sup>\u00a0El equipo de Fase1 mantendr\u00e1 registro de la participaci\u00f3n y ausencias de cada participante durante las sesiones presenciales y virtuales. El Programa se reserva el derecho a evaluar situaciones especiales y determinar\u00e1 si se debe autorizar alguna medida correctiva necesaria.<\/span><span data-ccp-props=\"{}\">\u00a0<\/span><\/p>\n<p><span data-contrast=\"auto\"><sup>2<\/sup> Demo Day es el evento de cierre de cada cohorte o generaci\u00f3n donde cada participante presenta su startup ante un p\u00fablico empresarial.<\/span><span data-ccp-props=\"{}\">\u00a0<\/span><\/p>\n<p><span data-contrast=\"auto\"><sup>3<\/sup>\u00a0El Programa Fase1 evaluar\u00e1 y determinar\u00e1 si el solicitante puede ser catalogado como persona de ingresos bajos o moderados seg\u00fan definido por HUD. El Programa validar\u00e1 que al menos 51% de los participantes seleccionados para la incubadora sean individuos de ingresos bajos o moderados.<\/span><span data-ccp-props=\"{}\">\u00a0<\/span><\/p>\n<p><span data-contrast=\"auto\"><sup>4<\/sup>\u00a0Una Duplicidad de Beneficio (DOB) ocurre cuando una persona, hogar, empresa u otra entidad recibe asistencia en caso de cat\u00e1strofe de m\u00faltiples fuentes para el mismo fin de recuperaci\u00f3n, y el total de asistencia recibida para ese fin es superior a la necesidad total. La cantidad o valor de la duplicidad es la cantidad o beneficio recibido en exceso de la necesidad total para el mismo prop\u00f3sito. <\/span><span data-contrast=\"auto\">84 FR 28836, 28837 (20 de junio de 2019).<\/span><span data-ccp-props=\"{}\">\u00a0<\/span>[\/vc_column_text][\/vc_column_inner][\/vc_row_inner][vc_row_inner][vc_column_inner][vc_separator color=&#8221;white&#8221;][\/vc_column_inner][\/vc_row_inner][\/vc_column][\/vc_row][\/vc_section]<\/p>\n<\/div>","protected":false},"excerpt":{"rendered":"<p>[vc_section full_width=&#8221;stretch_row&#8221; el_class=&#8221;bg-faq-01&#8243;][vc_row full_width=&#8221;stretch_row&#8221;][vc_column][vc_column_text] T\u00e9rminos y Condiciones [\/vc_column_text][vc_column_text el_class=&#8221;wrap-arrow&#8221; css=&#8221;.vc_custom_1706111497369{margin-bottom: 0px !important;}&#8221;] T\u00e9rminos y Condiciones y [&hellip;]<\/p>\n","protected":false},"author":4,"featured_media":0,"parent":0,"menu_order":0,"comment_status":"closed","ping_status":"closed","template":"","meta":{"content-type":"","site-sidebar-layout":"no-sidebar","site-content-layout":"plain-container","ast-site-content-layout":"normal-width-container","site-content-style":"unboxed","site-sidebar-style":"unboxed","ast-global-header-display":"","ast-banner-title-visibility":"","ast-main-header-display":"","ast-hfb-above-header-display":"","ast-hfb-below-header-display":"","ast-hfb-mobile-header-display":"","site-post-title":"disabled","ast-breadcrumbs-content":"","ast-featured-img":"disabled","footer-sml-layout":"","ast-disable-related-posts":"","theme-transparent-header-meta":"default","adv-header-id-meta":"","stick-header-meta":"default","header-above-stick-meta":"","header-main-stick-meta":"","header-below-stick-meta":"","astra-migrate-meta-layouts":"set","ast-page-background-enabled":"default","ast-page-background-meta":{"desktop":{"background-color":"var(--ast-global-color-4)","background-image":"","background-repeat":"repeat","background-position":"center center","background-size":"auto","background-attachment":"scroll","background-type":"","background-media":"","overlay-type":"","overlay-color":"","overlay-opacity":"","overlay-gradient":""},"tablet":{"background-color":"","background-image":"","background-repeat":"repeat","background-position":"center center","background-size":"auto","background-attachment":"scroll","background-type":"","background-media":"","overlay-type":"","overlay-color":"","overlay-opacity":"","overlay-gradient":""},"mobile":{"background-color":"","background-image":"","background-repeat":"repeat","background-position":"center center","background-size":"auto","background-attachment":"scroll","background-type":"","background-media":"","overlay-type":"","overlay-color":"","overlay-opacity":"","overlay-gradient":""}},"ast-content-background-meta":{"desktop":{"background-color":"var(--ast-global-color-5)","background-image":"","background-repeat":"repeat","background-position":"center center","background-size":"auto","background-attachment":"scroll","background-type":"","background-media":"","overlay-type":"","overlay-color":"","overlay-opacity":"","overlay-gradient":""},"tablet":{"background-color":"var(--ast-global-color-5)","background-image":"","background-repeat":"repeat","background-position":"center center","background-size":"auto","background-attachment":"scroll","background-type":"","background-media":"","overlay-type":"","overlay-color":"","overlay-opacity":"","overlay-gradient":""},"mobile":{"background-color":"var(--ast-global-color-5)","background-image":"","background-repeat":"repeat","background-position":"center center","background-size":"auto","background-attachment":"scroll","background-type":"","background-media":"","overlay-type":"","overlay-color":"","overlay-opacity":"","overlay-gradient":""}},"footnotes":""},"class_list":["post-1553","page","type-page","status-publish","hentry"],"yoast_head":"<!-- This site is optimized with the Yoast SEO plugin v27.2 - https:\/\/yoast.com\/product\/yoast-seo-wordpress\/ -->\n<title>T\u00e9rminos y Condiciones - Fase1<\/title>\n<meta name=\"description\" content=\"Fase1 es un programa virtual gratuito que te da todo lo que necesitas para hacer de tu idea un negocio exitoso.\" \/>\n<meta name=\"robots\" content=\"index, follow, max-snippet:-1, max-image-preview:large, max-video-preview:-1\" \/>\n<link rel=\"canonical\" href=\"https:\/\/fase1.org\/en\/terminos-y-condiciones\/\" \/>\n<meta property=\"og:locale\" content=\"en_US\" \/>\n<meta property=\"og:type\" content=\"article\" \/>\n<meta property=\"og:title\" content=\"T\u00e9rminos y Condiciones - Fase1\" \/>\n<meta property=\"og:description\" content=\"Fase1 es un programa virtual gratuito que te da todo lo que necesitas para hacer de tu idea un negocio exitoso.\" \/>\n<meta property=\"og:url\" content=\"https:\/\/fase1.org\/en\/terminos-y-condiciones\/\" \/>\n<meta property=\"og:site_name\" content=\"Fase1\" \/>\n<meta property=\"article:modified_time\" content=\"2026-04-23T19:10:16+00:00\" \/>\n<meta property=\"og:image\" content=\"https:\/\/fase1.org\/wp-content\/uploads\/2021\/11\/Fase1_OpenGraph.jpg\" \/>\n\t<meta property=\"og:image:width\" content=\"1200\" \/>\n\t<meta property=\"og:image:height\" content=\"628\" \/>\n\t<meta property=\"og:image:type\" content=\"image\/jpeg\" \/>\n<meta name=\"twitter:card\" content=\"summary_large_image\" \/>\n<meta name=\"twitter:label1\" content=\"Est. reading time\" \/>\n\t<meta name=\"twitter:data1\" content=\"24 minutes\" \/>\n<script type=\"application\/ld+json\" class=\"yoast-schema-graph\">{\"@context\":\"https:\/\/schema.org\",\"@graph\":[{\"@type\":\"WebPage\",\"@id\":\"https:\/\/fase1.org\/en\/terminos-y-condiciones\/\",\"url\":\"https:\/\/fase1.org\/en\/terminos-y-condiciones\/\",\"name\":\"T\u00e9rminos y Condiciones - Fase1\",\"isPartOf\":{\"@id\":\"https:\/\/fase1.org\/en\/#website\"},\"datePublished\":\"2024-01-24T15:50:06+00:00\",\"dateModified\":\"2026-04-23T19:10:16+00:00\",\"description\":\"Fase1 es un programa virtual gratuito que te da todo lo que necesitas para hacer de tu idea un negocio exitoso.\",\"breadcrumb\":{\"@id\":\"https:\/\/fase1.org\/en\/terminos-y-condiciones\/#breadcrumb\"},\"inLanguage\":\"en-US\",\"potentialAction\":[{\"@type\":\"ReadAction\",\"target\":[\"https:\/\/fase1.org\/en\/terminos-y-condiciones\/\"]}]},{\"@type\":\"BreadcrumbList\",\"@id\":\"https:\/\/fase1.org\/en\/terminos-y-condiciones\/#breadcrumb\",\"itemListElement\":[{\"@type\":\"ListItem\",\"position\":1,\"name\":\"Home\",\"item\":\"https:\/\/fase1.org\/en\/\"},{\"@type\":\"ListItem\",\"position\":2,\"name\":\"T\u00e9rminos y Condiciones\"}]},{\"@type\":\"WebSite\",\"@id\":\"https:\/\/fase1.org\/en\/#website\",\"url\":\"https:\/\/fase1.org\/en\/\",\"name\":\"Fase1\",\"description\":\"\",\"publisher\":{\"@id\":\"https:\/\/fase1.org\/en\/#organization\"},\"potentialAction\":[{\"@type\":\"SearchAction\",\"target\":{\"@type\":\"EntryPoint\",\"urlTemplate\":\"https:\/\/fase1.org\/en\/?s={search_term_string}\"},\"query-input\":{\"@type\":\"PropertyValueSpecification\",\"valueRequired\":true,\"valueName\":\"search_term_string\"}}],\"inLanguage\":\"en-US\"},{\"@type\":\"Organization\",\"@id\":\"https:\/\/fase1.org\/en\/#organization\",\"name\":\"Fase1\",\"url\":\"https:\/\/fase1.org\/en\/\",\"logo\":{\"@type\":\"ImageObject\",\"inLanguage\":\"en-US\",\"@id\":\"https:\/\/fase1.org\/en\/#\/schema\/logo\/image\/\",\"url\":\"https:\/\/fase1.org\/wp-content\/uploads\/2021\/11\/Fase-1-Logo.png\",\"contentUrl\":\"https:\/\/fase1.org\/wp-content\/uploads\/2021\/11\/Fase-1-Logo.png\",\"width\":94,\"height\":94,\"caption\":\"Fase1\"},\"image\":{\"@id\":\"https:\/\/fase1.org\/en\/#\/schema\/logo\/image\/\"}}]}<\/script>\n<!-- \/ Yoast SEO plugin. -->","yoast_head_json":{"title":"T\u00e9rminos y Condiciones - Fase1","description":"Fase1 es un programa virtual gratuito que te da todo lo que necesitas para hacer de tu idea un negocio exitoso.","robots":{"index":"index","follow":"follow","max-snippet":"max-snippet:-1","max-image-preview":"max-image-preview:large","max-video-preview":"max-video-preview:-1"},"canonical":"https:\/\/fase1.org\/en\/terminos-y-condiciones\/","og_locale":"en_US","og_type":"article","og_title":"T\u00e9rminos y Condiciones - Fase1","og_description":"Fase1 es un programa virtual gratuito que te da todo lo que necesitas para hacer de tu idea un negocio exitoso.","og_url":"https:\/\/fase1.org\/en\/terminos-y-condiciones\/","og_site_name":"Fase1","article_modified_time":"2026-04-23T19:10:16+00:00","og_image":[{"width":1200,"height":628,"url":"https:\/\/fase1.org\/wp-content\/uploads\/2021\/11\/Fase1_OpenGraph.jpg","type":"image\/jpeg"}],"twitter_card":"summary_large_image","twitter_misc":{"Est. reading time":"24 minutes"},"schema":{"@context":"https:\/\/schema.org","@graph":[{"@type":"WebPage","@id":"https:\/\/fase1.org\/en\/terminos-y-condiciones\/","url":"https:\/\/fase1.org\/en\/terminos-y-condiciones\/","name":"T\u00e9rminos y Condiciones - Fase1","isPartOf":{"@id":"https:\/\/fase1.org\/en\/#website"},"datePublished":"2024-01-24T15:50:06+00:00","dateModified":"2026-04-23T19:10:16+00:00","description":"Fase1 es un programa virtual gratuito que te da todo lo que necesitas para hacer de tu idea un negocio exitoso.","breadcrumb":{"@id":"https:\/\/fase1.org\/en\/terminos-y-condiciones\/#breadcrumb"},"inLanguage":"en-US","potentialAction":[{"@type":"ReadAction","target":["https:\/\/fase1.org\/en\/terminos-y-condiciones\/"]}]},{"@type":"BreadcrumbList","@id":"https:\/\/fase1.org\/en\/terminos-y-condiciones\/#breadcrumb","itemListElement":[{"@type":"ListItem","position":1,"name":"Home","item":"https:\/\/fase1.org\/en\/"},{"@type":"ListItem","position":2,"name":"T\u00e9rminos y Condiciones"}]},{"@type":"WebSite","@id":"https:\/\/fase1.org\/en\/#website","url":"https:\/\/fase1.org\/en\/","name":"Fase1","description":"","publisher":{"@id":"https:\/\/fase1.org\/en\/#organization"},"potentialAction":[{"@type":"SearchAction","target":{"@type":"EntryPoint","urlTemplate":"https:\/\/fase1.org\/en\/?s={search_term_string}"},"query-input":{"@type":"PropertyValueSpecification","valueRequired":true,"valueName":"search_term_string"}}],"inLanguage":"en-US"},{"@type":"Organization","@id":"https:\/\/fase1.org\/en\/#organization","name":"Fase1","url":"https:\/\/fase1.org\/en\/","logo":{"@type":"ImageObject","inLanguage":"en-US","@id":"https:\/\/fase1.org\/en\/#\/schema\/logo\/image\/","url":"https:\/\/fase1.org\/wp-content\/uploads\/2021\/11\/Fase-1-Logo.png","contentUrl":"https:\/\/fase1.org\/wp-content\/uploads\/2021\/11\/Fase-1-Logo.png","width":94,"height":94,"caption":"Fase1"},"image":{"@id":"https:\/\/fase1.org\/en\/#\/schema\/logo\/image\/"}}]}},"featured_image_src":null,"featured_image_src_square":null,"_links":{"self":[{"href":"https:\/\/fase1.org\/en\/wp-json\/wp\/v2\/pages\/1553","targetHints":{"allow":["GET"]}}],"collection":[{"href":"https:\/\/fase1.org\/en\/wp-json\/wp\/v2\/pages"}],"about":[{"href":"https:\/\/fase1.org\/en\/wp-json\/wp\/v2\/types\/page"}],"author":[{"embeddable":true,"href":"https:\/\/fase1.org\/en\/wp-json\/wp\/v2\/users\/4"}],"replies":[{"embeddable":true,"href":"https:\/\/fase1.org\/en\/wp-json\/wp\/v2\/comments?post=1553"}],"version-history":[{"count":0,"href":"https:\/\/fase1.org\/en\/wp-json\/wp\/v2\/pages\/1553\/revisions"}],"wp:attachment":[{"href":"https:\/\/fase1.org\/en\/wp-json\/wp\/v2\/media?parent=1553"}],"curies":[{"name":"wp","href":"https:\/\/api.w.org\/{rel}","templated":true}]}}